{"id":3274,"date":"2022-11-16T13:37:49","date_gmt":"2022-11-16T13:37:49","guid":{"rendered":"http:\/\/sunontop.com\/aviso-legal\/"},"modified":"2022-11-30T13:14:11","modified_gmt":"2022-11-30T13:14:11","slug":"avis-legal","status":"publish","type":"page","link":"https:\/\/sunontop.com\/ca\/avis-legal\/","title":{"rendered":"Av\u00eds legal"},"content":{"rendered":"<div class=\"wpb-content-wrapper\"><p>[vc_row][vc_column][vc_column_text]<strong>Av\u00eds Legal<\/strong><\/p>\n<p>El present \u00e9s un av\u00eds legal de visualitzaci\u00f3 obligada que regula les condicions d&#8217;\u00fas que han de ser observades i acatades pels usuaris d&#8217;aquest lloc web. Li preguem que el llegeixi atentament ja que el fet d&#8217;accedir-hi implica que ha llegit i accepta sense cap reserva les condicions que segueixen.<\/p>\n<p><strong>1.- Informaci\u00f3 de conformitat amb la LSSI<\/strong><\/p>\n<p>Als efectes del que preveu l&#8217;art. 10 de la Llei 34\/2002, de 11 de juliol, de serveis de la societat de la informaci\u00f3 i de comer\u00e7 electr\u00f2nic, s&#8217;informa als usuaris del present web site que el titular del mateix \u00e9s PACI Enginyers SLP., NIF: B62529425, C\/Padilla 308-310, Escala C, Entres\u00f2l-3era, 08025, Barcelona, \u200b\u200bEspanya.<\/p>\n<p><strong>2.- Condicions d&#8217;\u00fas del lloc web<\/strong><\/p>\n<p>L&#8217;usuari es compromet a fer un \u00fas diligent del lloc web i dels serveis accessibles des del mateix ia no utilitzar els serveis o informacions continguts al lloc web per desenvolupar activitats contr\u00e0ries a les lleis, a la moral i als bons costums, a l&#8217;ordre p\u00fablic i, en general, a fer-ne un \u00fas conforme al present av\u00eds legal.<\/p>\n<p>Per a l&#8217;\u00fas de determinats serveis, l&#8217;usuari haur\u00e0 de formular una sol\u00b7licitud pr\u00e8via, seleccionant l&#8217;identificador (ID o login) i la contrasenya, personal i intransferible, que l&#8217;usuari es compromet a conservar i utilitzar amb la dilig\u00e8ncia deguda, amb indemnitat completa per a <strong>PACI Enginyers<\/strong> quant a l&#8217;\u00fas que es faci de la contrasenya esmentada.<\/p>\n<p><strong>PACI Enginyers<\/strong> podr\u00e0 interrompre temporalment o definitivament, segons el seu bon criteri, l&#8217;acc\u00e9s al lloc web, aix\u00ed com la prestaci\u00f3 de qualsevol o de tots els serveis que es presten a trav\u00e9s del mateix en qualsevol moment i sense av\u00eds previ.<\/p>\n<p>Aix\u00ed mateix, <strong>PACI Enginyers<\/strong> es reserva el dret a denegar o retirar l&#8217;acc\u00e9s al portal web a qualsevol usuari que incompleixi les condicions d&#8217;\u00fas establertes en aquest av\u00eds legal, tot aix\u00f2 sense necessitat de cap preav\u00eds.<\/p>\n<p>En cas que <strong>PACI Enginyers<\/strong> presti, a trav\u00e9s del present lloc web, algun tipus de servei especial o realitzi alguna promoci\u00f3 o oferta especial, s&#8217;hi establiran les condicions espec\u00edfiques que el regulin, i l&#8217;aplicaci\u00f3 de les quals prevaldr\u00e0 sobre les condicions d&#8217;\u00fas i la resta de previsions establertes en aquest av\u00eds legal, en cas d&#8217;incongru\u00e8ncia o incompatibilitat entre totes dues.<\/p>\n<p><strong>3.- Drets de Propietat Intel\u00b7lectual<\/strong><\/p>\n<p><strong>PACI Enginyers<\/strong> \u00e9s titular o llicenciat\u00e0ria, si escau, dels drets de Propietat Intel\u00b7lectual i Industrial de la totalitat dels continguts d&#8217;aquest lloc web, incloent-hi descripci\u00f3 de productes, text, imatges, fotografies, marques, logotips, botons, arxius de programari , combinacions de colors, aix\u00ed com l&#8217;estructura, la selecci\u00f3, l&#8217;ordenaci\u00f3 i la presentaci\u00f3 dels seus continguts, que es troben protegits per les lleis espanyoles i internacionals sobre propietat intel\u00b7lectual i industrial.<\/p>\n<p>En cap cas l&#8217;acc\u00e9s al present lloc web implica cap tipus de ren\u00fancia, transmissi\u00f3 o cessi\u00f3 total ni parcial dels drets atorgats per la legislaci\u00f3 espanyola i internacional sobre propietat intel\u00b7lectual i industrial.<\/p>\n<p>Queda prohibida la reproducci\u00f3, la c\u00f2pia, l&#8217;\u00fas, la distribuci\u00f3, la reutilitzaci\u00f3, l&#8217;explotaci\u00f3, la realitzaci\u00f3 de segones c\u00f2pies, la tramesa per correu, la transmissi\u00f3, la modificaci\u00f3, la cessi\u00f3 o qualsevol altre acte que es faci amb la totalitat o part de la informaci\u00f3 continguda en aquest portal web que no hagi estat expressament autoritzat per <strong>PACI Enginyers<\/strong>.<\/p>\n<p>L&#8217;usuari s&#8217;obliga a utilitzar els continguts de forma diligent, correcta i l\u00edcita i, en particular, es compromet a abstenir-se de suprimir, eludir o manipular el copyright i altres dades identificatives dels drets de <strong>PACI Enginyers<\/strong> o dels seus titulars incorporats als continguts, aix\u00ed com els dispositius t\u00e8cnics de protecci\u00f3 o qualsevol mecanisme d&#8217;informaci\u00f3 que poguessin incloure&#8217;s en els continguts. Aix\u00ed mateix, l&#8217;usuari s&#8217;abstindr\u00e0 de fer servir els continguts i, en particular, la informaci\u00f3 de qualsevol classe obtinguda a trav\u00e9s del lloc web per remetre publicitat, comunicacions amb fins comercials, missatges no sol\u00b7licitats dirigits a una pluralitat de persones amb independ\u00e8ncia de la seva finalitat, aix\u00ed com de comercialitzar o divulgar de qualsevol manera aquesta informaci\u00f3. El lloc web correspon a un domini registrat per <strong>PACI Enginyers<\/strong> i que no pot ser utilitzat, excepte autoritzaci\u00f3 expressa pr\u00e8via, en connexi\u00f3 amb altres serveis que no siguin de <strong>PACI Enginyers<\/strong> de cap manera que pugui causar confusi\u00f3 entre els seus clients o descr\u00e8dit de <strong>PACI Enginyers<\/strong>.<\/p>\n<p>En aquest sentit, aquelles persones que vulguin establir un link o hiperenlla\u00e7 entre la seva p\u00e0gina web i aquest lloc web hauran de demanar l&#8217;autoritzaci\u00f3 expressa i per escrit de <strong>PACI Enginyers<\/strong>, sense que aix\u00f2 impliqui una relaci\u00f3 entre <strong>PACI Enginyers<\/strong> i el titular de la p\u00e0gina en qu\u00e8 s&#8217;estableixi el link, ni l&#8217;aprovaci\u00f3 o acceptaci\u00f3 per part de <strong>PACI Enginyers<\/strong> dels seus continguts o serveis.<\/p>\n<p>Queda terminantment prohibit realitzar, sense el previ consentiment de <strong>PACI Enginyers<\/strong>, qualsevol manipulaci\u00f3 o alteraci\u00f3 d&#8217;aquest lloc web. Conseq\u00fcentment, <strong>PACI Enginyers<\/strong> no assumir\u00e0 cap responsabilitat derivada, o que pogu\u00e9s derivar-se, d&#8217;aquesta alteraci\u00f3 o manipulaci\u00f3 per tercers.<\/p>\n<p><strong>4.- Limitaci\u00f3 de la responsabilitat.<\/strong><\/p>\n<p><strong>PACI Enginyers<\/strong> s&#8217;eximeix de tota responsabilitat respecte a qualsevol decisi\u00f3 adoptada per l&#8217;usuari com a conseq\u00fc\u00e8ncia de la informaci\u00f3 continguda en aquest lloc web.<\/p>\n<p>Aix\u00ed mateix, <strong>PACI Enginyers<\/strong> rebutja tota responsabilitat sobre qualsevol informaci\u00f3 no elaborada o no publicada de forma autoritzada sota el seu nom, igual que la responsabilitat que es derivi de la mala utilitzaci\u00f3 dels continguts, i es reserva el dret a actualitzar-los, a eliminar-los , limitar-los o impedir-ne l&#8217;acc\u00e9s, de manera temporal o definitiva.<\/p>\n<p>Tot i prendre totes les precaucions necess\u00e0ries per proporcionar-vos al nostre lloc web informacions actuals i exactes, <strong>PACI Enginyers<\/strong> no pot garantir el rigor ni l&#8217;actualitat de tota la informaci\u00f3 facilitada, ni la inexist\u00e8ncia d&#8217;errors o omissions, havent de ser l&#8217;usuari conscient que la informaci\u00f3 a la qual t\u00e9 acc\u00e9s \u00e9s subministrada en les condicions detallades al present av\u00eds legal, sense cap garantia que aquestes siguin exactes i actualitzades. De la mateixa manera, <strong>PACI Enginyers<\/strong> no pot garantir la continu\u00eftat del funcionament del lloc web, ni que aquest es trobe en tot moment operatiu i disponible. Aix\u00ed mateix, <strong>PACI Enginyers<\/strong> no es fa responsable dels danys i perjudicis directes o indirectes, inclosos els danys a sistemes inform\u00e0tics i la introducci\u00f3 de virus existents a la xarxa, derivats de la navegaci\u00f3 per Internet necess\u00e0ria per a l&#8217;\u00fas d&#8217;aquest lloc web.<\/p>\n<p><strong>5.- Obligaci\u00f3 dels usuaris.<\/strong><\/p>\n<p>L&#8217;usuari respondr\u00e0 dels danys i perjudicis que <strong>PACI Enginyers<\/strong> pugui patir com a conseq\u00fc\u00e8ncia de l&#8217;incompliment de qualsevol de les obligacions determinades al present Av\u00eds Legal.<\/p>\n<p>Respecte a la navegaci\u00f3, l&#8217;usuari es compromet a observar diligentment i fidelment les recomanacions que en el seu moment estableixi <strong>PACI Enginyers<\/strong> relatives a l&#8217;\u00fas del lloc web i que seran publicades en aquest.<\/p>\n<p><strong>6.- Privadesa.<\/strong><\/p>\n<p>Durant la navegaci\u00f3 per aquest lloc web \u00e9s possible que l&#8217;usuari hagi de facilitar o pugui facilitar determinades dades de car\u00e0cter personal, que\u00a0 <strong>PACI Enginyers<\/strong> \u00a0processar\u00e0 d&#8217;acord amb els termes descrits a la seva \u201cPOL\u00cdTICA DE PRIVACITAT\u201d, que queda incorporada al present Av\u00eds Legal per remissi\u00f3 des daquest apartat.<\/p>\n<p><strong>7.- Durada i Modificaci\u00f3<\/strong><\/p>\n<p><strong>PACI Enginyers<\/strong> \u00a0tindr\u00e0 dret a modificar els termes i condicions aqu\u00ed estipulades de manera unilateral, totalment o parcialment.<\/p>\n<p>La vig\u00e8ncia temporal del present av\u00eds legal coincideix, per tant, amb el temps de la seva exposici\u00f3, fins al moment en qu\u00e8 sigui modificat de manera total o parcial per <strong>PACI Enginyers<\/strong>.<\/p>\n<p><strong>PACI Enginyers<\/strong> podr\u00e0 donar per acabada, suspendre o interrompre unilateralment, l&#8217;operativitat d&#8217;aquest lloc web, sense possibilitat de sol\u00b7licitar cap indemnitzaci\u00f3 per part de l&#8217;usuari.<\/p>\n<p><strong>8.- Legislaci\u00f3 i Jurisdicci\u00f3.<\/strong><\/p>\n<p>Aquest av\u00eds legal es regeix per la legislaci\u00f3 espanyola.<\/p>\n<p>Els usuaris i <strong>PACI Enginyers<\/strong>, amb ren\u00fancia expressa del seu fur, sotmeten totes les interpretacions o conflictes que poguessin sorgir derivats d&#8217;aquest av\u00eds legal als Jutjats i Tribunals de la ciutat de Madrid (Espanya).[\/vc_column_text][\/vc_column][\/vc_row]<\/p>\n<\/div>","protected":false},"excerpt":{"rendered":"<p>[vc_row][vc_column][vc_column_text]Av\u00eds Legal El present \u00e9s un av\u00eds legal de visualitzaci\u00f3 obligada que regula les condicions d&#8217;\u00fas que han de ser observades i acatades pels usuaris d&#8217;aquest lloc web. Li preguem que el llegeixi atentament ja que el fet d&#8217;accedir-hi implica que ha llegit i accepta sense cap reserva les condicions que segueixen. 1.- Informaci\u00f3 de&hellip;<\/p>\n","protected":false},"author":1,"featured_media":0,"parent":0,"menu_order":0,"comment_status":"closed","ping_status":"closed","template":"","meta":{"footnotes":""},"class_list":["post-3274","page","type-page","status-publish","hentry","description-off"],"yoast_head":"<!-- This site is optimized with the Yoast SEO plugin v27.1.1 - https:\/\/yoast.com\/product\/yoast-seo-wordpress\/ -->\n<title>Av\u00eds legal - SunOnTop<\/title>\n<meta name=\"robots\" content=\"index, follow, max-snippet:-1, max-image-preview:large, max-video-preview:-1\" \/>\n<link rel=\"canonical\" href=\"https:\/\/sunontop.com\/ca\/avis-legal\/\" \/>\n<meta property=\"og:locale\" content=\"ca_ES\" \/>\n<meta property=\"og:type\" content=\"article\" \/>\n<meta property=\"og:title\" content=\"Av\u00eds legal - SunOnTop\" \/>\n<meta property=\"og:description\" content=\"[vc_row][vc_column][vc_column_text]Av\u00eds Legal El present \u00e9s un av\u00eds legal de visualitzaci\u00f3 obligada que regula les condicions d&#8217;\u00fas que han de ser observades i acatades pels usuaris d&#8217;aquest lloc web. Li preguem que el llegeixi atentament ja que el fet d&#8217;accedir-hi implica que ha llegit i accepta sense cap reserva les condicions que segueixen. 1.- Informaci\u00f3 de&hellip;\" \/>\n<meta property=\"og:url\" content=\"https:\/\/sunontop.com\/ca\/avis-legal\/\" \/>\n<meta property=\"og:site_name\" content=\"SunOnTop\" \/>\n<meta property=\"article:publisher\" content=\"https:\/\/www.facebook.com\/paciglobal\" \/>\n<meta property=\"article:modified_time\" content=\"2022-11-30T13:14:11+00:00\" \/>\n<meta name=\"twitter:card\" content=\"summary_large_image\" \/>\n<meta name=\"twitter:site\" content=\"@PaciGlobal\" \/>\n<meta name=\"twitter:label1\" content=\"Temps estimat de lectura\" \/>\n\t<meta name=\"twitter:data1\" content=\"6 minuts\" \/>\n<script type=\"application\/ld+json\" class=\"yoast-schema-graph\">{\"@context\":\"https:\/\/schema.org\",\"@graph\":[{\"@type\":\"WebPage\",\"@id\":\"https:\/\/sunontop.com\/ca\/avis-legal\/\",\"url\":\"https:\/\/sunontop.com\/ca\/avis-legal\/\",\"name\":\"Av\u00eds legal - SunOnTop\",\"isPartOf\":{\"@id\":\"https:\/\/sunontop.com\/#website\"},\"datePublished\":\"2022-11-16T13:37:49+00:00\",\"dateModified\":\"2022-11-30T13:14:11+00:00\",\"breadcrumb\":{\"@id\":\"https:\/\/sunontop.com\/ca\/avis-legal\/#breadcrumb\"},\"inLanguage\":\"ca\",\"potentialAction\":[{\"@type\":\"ReadAction\",\"target\":[\"https:\/\/sunontop.com\/ca\/avis-legal\/\"]}]},{\"@type\":\"BreadcrumbList\",\"@id\":\"https:\/\/sunontop.com\/ca\/avis-legal\/#breadcrumb\",\"itemListElement\":[{\"@type\":\"ListItem\",\"position\":1,\"name\":\"Portada\",\"item\":\"https:\/\/sunontop.com\/ca\/\"},{\"@type\":\"ListItem\",\"position\":2,\"name\":\"Av\u00eds legal\"}]},{\"@type\":\"WebSite\",\"@id\":\"https:\/\/sunontop.com\/#website\",\"url\":\"https:\/\/sunontop.com\/\",\"name\":\"SunOnTop - Energ\u00eda solar fotovoltaica - Cargador veh\u00edculo el\u00e9ctrico\",\"description\":\"Dise\u00f1o e instalaci\u00f3n de plantas solares fotovoltaicas. Cargadores de veh\u00edculos el\u00e9ctricos\",\"publisher\":{\"@id\":\"https:\/\/sunontop.com\/#organization\"},\"alternateName\":\"SunOnTop\",\"potentialAction\":[{\"@type\":\"SearchAction\",\"target\":{\"@type\":\"EntryPoint\",\"urlTemplate\":\"https:\/\/sunontop.com\/?s={search_term_string}\"},\"query-input\":{\"@type\":\"PropertyValueSpecification\",\"valueRequired\":true,\"valueName\":\"search_term_string\"}}],\"inLanguage\":\"ca\"},{\"@type\":\"Organization\",\"@id\":\"https:\/\/sunontop.com\/#organization\",\"name\":\"SunOnTop - Energ\u00eda solar fotovoltaica - Cargador veh\u00edculo el\u00e9ctrico\",\"alternateName\":\"SunOnTop\",\"url\":\"https:\/\/sunontop.com\/\",\"logo\":{\"@type\":\"ImageObject\",\"inLanguage\":\"ca\",\"@id\":\"https:\/\/sunontop.com\/#\/schema\/logo\/image\/\",\"url\":\"https:\/\/sunontop.com\/wp-content\/uploads\/2022\/11\/logo.png\",\"contentUrl\":\"https:\/\/sunontop.com\/wp-content\/uploads\/2022\/11\/logo.png\",\"width\":175,\"height\":82,\"caption\":\"SunOnTop - Energ\u00eda solar fotovoltaica - Cargador veh\u00edculo el\u00e9ctrico\"},\"image\":{\"@id\":\"https:\/\/sunontop.com\/#\/schema\/logo\/image\/\"},\"sameAs\":[\"https:\/\/www.facebook.com\/paciglobal\",\"https:\/\/x.com\/PaciGlobal\",\"https:\/\/www.instagram.com\/paciglobal\/\",\"https:\/\/www.youtube.com\/user\/pacienginyers\",\"https:\/\/www.linkedin.com\/company\/paci-global\/\"]}]}<\/script>\n<!-- \/ Yoast SEO plugin. -->","yoast_head_json":{"title":"Av\u00eds legal - SunOnTop","robots":{"index":"index","follow":"follow","max-snippet":"max-snippet:-1","max-image-preview":"max-image-preview:large","max-video-preview":"max-video-preview:-1"},"canonical":"https:\/\/sunontop.com\/ca\/avis-legal\/","og_locale":"ca_ES","og_type":"article","og_title":"Av\u00eds legal - SunOnTop","og_description":"[vc_row][vc_column][vc_column_text]Av\u00eds Legal El present \u00e9s un av\u00eds legal de visualitzaci\u00f3 obligada que regula les condicions d&#8217;\u00fas que han de ser observades i acatades pels usuaris d&#8217;aquest lloc web. Li preguem que el llegeixi atentament ja que el fet d&#8217;accedir-hi implica que ha llegit i accepta sense cap reserva les condicions que segueixen. 1.- Informaci\u00f3 de&hellip;","og_url":"https:\/\/sunontop.com\/ca\/avis-legal\/","og_site_name":"SunOnTop","article_publisher":"https:\/\/www.facebook.com\/paciglobal","article_modified_time":"2022-11-30T13:14:11+00:00","twitter_card":"summary_large_image","twitter_site":"@PaciGlobal","twitter_misc":{"Temps estimat de lectura":"6 minuts"},"schema":{"@context":"https:\/\/schema.org","@graph":[{"@type":"WebPage","@id":"https:\/\/sunontop.com\/ca\/avis-legal\/","url":"https:\/\/sunontop.com\/ca\/avis-legal\/","name":"Av\u00eds legal - SunOnTop","isPartOf":{"@id":"https:\/\/sunontop.com\/#website"},"datePublished":"2022-11-16T13:37:49+00:00","dateModified":"2022-11-30T13:14:11+00:00","breadcrumb":{"@id":"https:\/\/sunontop.com\/ca\/avis-legal\/#breadcrumb"},"inLanguage":"ca","potentialAction":[{"@type":"ReadAction","target":["https:\/\/sunontop.com\/ca\/avis-legal\/"]}]},{"@type":"BreadcrumbList","@id":"https:\/\/sunontop.com\/ca\/avis-legal\/#breadcrumb","itemListElement":[{"@type":"ListItem","position":1,"name":"Portada","item":"https:\/\/sunontop.com\/ca\/"},{"@type":"ListItem","position":2,"name":"Av\u00eds legal"}]},{"@type":"WebSite","@id":"https:\/\/sunontop.com\/#website","url":"https:\/\/sunontop.com\/","name":"SunOnTop - Energ\u00eda solar fotovoltaica - Cargador veh\u00edculo el\u00e9ctrico","description":"Dise\u00f1o e instalaci\u00f3n de plantas solares fotovoltaicas. Cargadores de veh\u00edculos el\u00e9ctricos","publisher":{"@id":"https:\/\/sunontop.com\/#organization"},"alternateName":"SunOnTop","potentialAction":[{"@type":"SearchAction","target":{"@type":"EntryPoint","urlTemplate":"https:\/\/sunontop.com\/?s={search_term_string}"},"query-input":{"@type":"PropertyValueSpecification","valueRequired":true,"valueName":"search_term_string"}}],"inLanguage":"ca"},{"@type":"Organization","@id":"https:\/\/sunontop.com\/#organization","name":"SunOnTop - Energ\u00eda solar fotovoltaica - Cargador veh\u00edculo el\u00e9ctrico","alternateName":"SunOnTop","url":"https:\/\/sunontop.com\/","logo":{"@type":"ImageObject","inLanguage":"ca","@id":"https:\/\/sunontop.com\/#\/schema\/logo\/image\/","url":"https:\/\/sunontop.com\/wp-content\/uploads\/2022\/11\/logo.png","contentUrl":"https:\/\/sunontop.com\/wp-content\/uploads\/2022\/11\/logo.png","width":175,"height":82,"caption":"SunOnTop - Energ\u00eda solar fotovoltaica - Cargador veh\u00edculo el\u00e9ctrico"},"image":{"@id":"https:\/\/sunontop.com\/#\/schema\/logo\/image\/"},"sameAs":["https:\/\/www.facebook.com\/paciglobal","https:\/\/x.com\/PaciGlobal","https:\/\/www.instagram.com\/paciglobal\/","https:\/\/www.youtube.com\/user\/pacienginyers","https:\/\/www.linkedin.com\/company\/paci-global\/"]}]}},"_links":{"self":[{"href":"https:\/\/sunontop.com\/ca\/wp-json\/wp\/v2\/pages\/3274","targetHints":{"allow":["GET"]}}],"collection":[{"href":"https:\/\/sunontop.com\/ca\/wp-json\/wp\/v2\/pages"}],"about":[{"href":"https:\/\/sunontop.com\/ca\/wp-json\/wp\/v2\/types\/page"}],"author":[{"embeddable":true,"href":"https:\/\/sunontop.com\/ca\/wp-json\/wp\/v2\/users\/1"}],"replies":[{"embeddable":true,"href":"https:\/\/sunontop.com\/ca\/wp-json\/wp\/v2\/comments?post=3274"}],"version-history":[{"count":2,"href":"https:\/\/sunontop.com\/ca\/wp-json\/wp\/v2\/pages\/3274\/revisions"}],"predecessor-version":[{"id":3276,"href":"https:\/\/sunontop.com\/ca\/wp-json\/wp\/v2\/pages\/3274\/revisions\/3276"}],"wp:attachment":[{"href":"https:\/\/sunontop.com\/ca\/wp-json\/wp\/v2\/media?parent=3274"}],"curies":[{"name":"wp","href":"https:\/\/api.w.org\/{rel}","templated":true}]}}