{"id":3278,"date":"2022-11-15T09:12:43","date_gmt":"2022-11-15T09:12:43","guid":{"rendered":"http:\/\/sunontop.com\/politica-privacidad\/"},"modified":"2022-11-30T13:24:00","modified_gmt":"2022-11-30T13:24:00","slug":"politica-privacitat","status":"publish","type":"page","link":"https:\/\/sunontop.com\/ca\/politica-privacitat\/","title":{"rendered":"Pol\u00edtica de privacitat"},"content":{"rendered":"<div class=\"wpb-content-wrapper\"><p>[vc_row][vc_column][vc_column_text]D&#8217;acord amb el que disposa el Reglament (UE) 2016\/679 del Parlament Europeu i del Consell de 27 d&#8217;abril de 2016 relatiu a la protecci\u00f3 de les persones f\u00edsiques pel que fa al tractament de dades personals ia la lliure circulaci\u00f3 d&#8217;aquestes dades i pel qual es deroga la Directiva 95\/46\/CE (d&#8217;ara endavant, \u201cRGPD\u201d), a continuaci\u00f3 us informem de la nostra pol\u00edtica de protecci\u00f3 de dades.<\/p>\n<h3>Dades del Responsable del tractament.<\/h3>\n<p>Paci Enginyers SLP<\/p>\n<p>NIF: B62529425<\/p>\n<p>Adre\u00e7a Postal: C\/Padilla 308-310, Escala C, Entres\u00f2l-3era<\/p>\n<p>Tel\u00e8fon: +34934181584<\/p>\n<p>Correu electr\u00f2nic: paci@paci.biz<\/p>\n<h3>Finalitat<\/h3>\n<p>S&#8217;informa a l&#8217;usuari que les dades personals i d&#8217;informaci\u00f3 que ens faciliti es tractaran d&#8217;acord amb les finalitats seg\u00fcents en funci\u00f3 de la manera com hagin estat proporcionades:<\/p>\n<p>La resposta a una sol\u00b7licitud de contacte per part d&#8217;un client en relaci\u00f3 amb una consulta o incid\u00e8ncia comunicada a trav\u00e9s del nostre web.<\/p>\n<p>La resposta a una sol\u00b7licitud de documentaci\u00f3 per part d&#8217;un client comunicada a trav\u00e9s del nostre web.<\/p>\n<p>La gesti\u00f3 del vostre CV enviat a trav\u00e9s de la nostra web per a la vostra participaci\u00f3 en processos de selecci\u00f3 de personal de PACI Eninyers SLP que s&#8217;ajustin al vostre perfil professional.<\/p>\n<h3>Tractament de dades de clients<\/h3>\n<p>A PACI Enginyers SLP tractem la informaci\u00f3 que ens facilita per tal de prestar-los el servei sol\u00b7licitat, realitzar-ne la facturaci\u00f3. Les dades proporcionades es conservaran mentre es mantingui la relaci\u00f3 comercial o durant els anys necessaris per complir les obligacions legals. Les dades no se cediran a tercers excepte en els casos en qu\u00e8 hi hagi una obligaci\u00f3 legal. Vost\u00e8 t\u00e9 dret a obtenir confirmaci\u00f3 sobre si a PACIEnginyers SLP estem tractant les seves dades personals per tant t\u00e9 dret a accedir a les seves dades personals, rectificar les dades inexactes o sol\u00b7licitar la seva supressi\u00f3 quan les dades ja no siguin necess\u00e0ries.<\/p>\n<h3>Tractament de dades de candidats<\/h3>\n<p>En nom de l&#8217;empresa tractem la informaci\u00f3 que ens facilita per tal de mantenir-vos informats de les diferents vacants a un lloc de treball que es produeixin a la nostra organitzaci\u00f3. Les dades proporcionades es conservaran fins a l&#8217;adjudicaci\u00f3 d&#8217;un lloc de treball o fins que exerceixi el seu dret de cancel\u00b7laci\u00f3 per tant t\u00e9 dret a accedir a les seves dades personals, rectificar les dades inexactes o sol\u00b7licitar la seva supressi\u00f3 quan les dades ja no siguin necess\u00e0ries. Les dades no se cediran a tercers<\/p>\n<h3>Drets dels interessats<\/h3>\n<p>Us informem que podreu exercir els vostres drets mitjan\u00e7ant l&#8217;enviament de sol\u00b7licitud a aPACIEnginyers SLP a trav\u00e9s del correu electr\u00f2nic rgpd@paci.biz, signada digitalment (DNI electr\u00f2nic o altre certificat reconegut), oa trav\u00e9s de comunicaci\u00f3 escrita dirigida a PACI Enginyers SLP., C \/Padilla 308-310, Escala C, Entres\u00f2l-3era, 08025, Barcelona, \u200b\u200bEspanya.<\/p>\n<p>El contingut de la sol\u00b7licitud haur\u00e0 d&#8217;incloure: nom i cognoms; fotoc\u00f2pia del document nacional d&#8217;identitat, passaport o altre document v\u00e0lid que l&#8217;identifiqui, detall de la petici\u00f3 que es fa; adre\u00e7a a efectes de notificacions; data i signatura del sol\u00b7licitant; i documents acreditatius de la petici\u00f3 que formula, si cal.<\/p>\n<p>Per obtenir informaci\u00f3 addicional dels vostres drets podeu adre\u00e7ar-vos a la web <a href=\"http:\/\/www.agpd.es\/portalwebAGPD\/CanalDelCiudadano\/ejercicio_derechos\/index-ides-idphp.php\">http:\/\/www.agpd.es\/portalwebAGPD\/CanalDelCiudadano\/ejercicio_derechos\/index-ides-idphp.php<\/a>.<\/p>\n<p>Si considereu que el tractament de les dades personals que us concerneixen infringeix la normativa aplicable o, senzillament, no est\u00e0 satisfet amb l&#8217;exercici dels vostres drets, teniu dret a presentar una reclamaci\u00f3 davant l&#8217;Ag\u00e8ncia Espanyola de Protecci\u00f3 de Dades, a trav\u00e9s d&#8217;alguna de les vies seg\u00fcents: (i) A trav\u00e9s del tel\u00e8fon +34 901 100 099, o b\u00e9 +34 912 663 517; (ii) a trav\u00e9s de mitjans electr\u00f2nics, adre\u00e7ant-se a la web <a href=\"https:\/\/sedeagpd.gob.es\/sede-electronica-web\">https:\/\/sedeagpd.gob.es\/sede-electronica-web<\/a>; (iii) presencialment dirigint-se al carrer Jorge Juan, n\u00fam. 6 (28001) de Madrid.[\/vc_column_text][\/vc_column][\/vc_row]<\/p>\n<\/div>","protected":false},"excerpt":{"rendered":"<p>[vc_row][vc_column][vc_column_text]D&#8217;acord amb el que disposa el Reglament (UE) 2016\/679 del Parlament Europeu i del Consell de 27 d&#8217;abril de 2016 relatiu a la protecci\u00f3 de les persones f\u00edsiques pel que fa al tractament de dades personals ia la lliure circulaci\u00f3 d&#8217;aquestes dades i pel qual es deroga la Directiva 95\/46\/CE (d&#8217;ara endavant, \u201cRGPD\u201d), a continuaci\u00f3&hellip;<\/p>\n","protected":false},"author":1,"featured_media":0,"parent":0,"menu_order":0,"comment_status":"closed","ping_status":"closed","template":"","meta":{"footnotes":""},"class_list":["post-3278","page","type-page","status-publish","hentry","description-off"],"yoast_head":"<!-- This site is optimized with the Yoast SEO plugin v27.1.1 - https:\/\/yoast.com\/product\/yoast-seo-wordpress\/ -->\n<title>Pol\u00edtica de privacitat - SunOnTop<\/title>\n<meta name=\"robots\" content=\"index, follow, max-snippet:-1, max-image-preview:large, max-video-preview:-1\" \/>\n<link rel=\"canonical\" href=\"https:\/\/sunontop.com\/ca\/politica-privacitat\/\" \/>\n<meta property=\"og:locale\" content=\"ca_ES\" \/>\n<meta property=\"og:type\" content=\"article\" \/>\n<meta property=\"og:title\" content=\"Pol\u00edtica de privacitat - SunOnTop\" \/>\n<meta property=\"og:description\" content=\"[vc_row][vc_column][vc_column_text]D&#8217;acord amb el que disposa el Reglament (UE) 2016\/679 del Parlament Europeu i del Consell de 27 d&#8217;abril de 2016 relatiu a la protecci\u00f3 de les persones f\u00edsiques pel que fa al tractament de dades personals ia la lliure circulaci\u00f3 d&#8217;aquestes dades i pel qual es deroga la Directiva 95\/46\/CE (d&#8217;ara endavant, \u201cRGPD\u201d), a continuaci\u00f3&hellip;\" \/>\n<meta property=\"og:url\" content=\"https:\/\/sunontop.com\/ca\/politica-privacitat\/\" \/>\n<meta property=\"og:site_name\" content=\"SunOnTop\" \/>\n<meta property=\"article:publisher\" content=\"https:\/\/www.facebook.com\/paciglobal\" \/>\n<meta property=\"article:modified_time\" content=\"2022-11-30T13:24:00+00:00\" \/>\n<meta name=\"twitter:card\" content=\"summary_large_image\" \/>\n<meta name=\"twitter:site\" content=\"@PaciGlobal\" \/>\n<meta name=\"twitter:label1\" content=\"Temps estimat de lectura\" \/>\n\t<meta name=\"twitter:data1\" content=\"3 minuts\" \/>\n<script type=\"application\/ld+json\" class=\"yoast-schema-graph\">{\"@context\":\"https:\/\/schema.org\",\"@graph\":[{\"@type\":\"WebPage\",\"@id\":\"https:\/\/sunontop.com\/ca\/politica-privacitat\/\",\"url\":\"https:\/\/sunontop.com\/ca\/politica-privacitat\/\",\"name\":\"Pol\u00edtica de privacitat - SunOnTop\",\"isPartOf\":{\"@id\":\"https:\/\/sunontop.com\/#website\"},\"datePublished\":\"2022-11-15T09:12:43+00:00\",\"dateModified\":\"2022-11-30T13:24:00+00:00\",\"breadcrumb\":{\"@id\":\"https:\/\/sunontop.com\/ca\/politica-privacitat\/#breadcrumb\"},\"inLanguage\":\"ca\",\"potentialAction\":[{\"@type\":\"ReadAction\",\"target\":[\"https:\/\/sunontop.com\/ca\/politica-privacitat\/\"]}]},{\"@type\":\"BreadcrumbList\",\"@id\":\"https:\/\/sunontop.com\/ca\/politica-privacitat\/#breadcrumb\",\"itemListElement\":[{\"@type\":\"ListItem\",\"position\":1,\"name\":\"Portada\",\"item\":\"https:\/\/sunontop.com\/ca\/\"},{\"@type\":\"ListItem\",\"position\":2,\"name\":\"Pol\u00edtica de privacitat\"}]},{\"@type\":\"WebSite\",\"@id\":\"https:\/\/sunontop.com\/#website\",\"url\":\"https:\/\/sunontop.com\/\",\"name\":\"SunOnTop - Energ\u00eda solar fotovoltaica - Cargador veh\u00edculo el\u00e9ctrico\",\"description\":\"Dise\u00f1o e instalaci\u00f3n de plantas solares fotovoltaicas. Cargadores de veh\u00edculos el\u00e9ctricos\",\"publisher\":{\"@id\":\"https:\/\/sunontop.com\/#organization\"},\"alternateName\":\"SunOnTop\",\"potentialAction\":[{\"@type\":\"SearchAction\",\"target\":{\"@type\":\"EntryPoint\",\"urlTemplate\":\"https:\/\/sunontop.com\/?s={search_term_string}\"},\"query-input\":{\"@type\":\"PropertyValueSpecification\",\"valueRequired\":true,\"valueName\":\"search_term_string\"}}],\"inLanguage\":\"ca\"},{\"@type\":\"Organization\",\"@id\":\"https:\/\/sunontop.com\/#organization\",\"name\":\"SunOnTop - Energ\u00eda solar fotovoltaica - Cargador veh\u00edculo el\u00e9ctrico\",\"alternateName\":\"SunOnTop\",\"url\":\"https:\/\/sunontop.com\/\",\"logo\":{\"@type\":\"ImageObject\",\"inLanguage\":\"ca\",\"@id\":\"https:\/\/sunontop.com\/#\/schema\/logo\/image\/\",\"url\":\"https:\/\/sunontop.com\/wp-content\/uploads\/2022\/11\/logo.png\",\"contentUrl\":\"https:\/\/sunontop.com\/wp-content\/uploads\/2022\/11\/logo.png\",\"width\":175,\"height\":82,\"caption\":\"SunOnTop - Energ\u00eda solar fotovoltaica - Cargador veh\u00edculo el\u00e9ctrico\"},\"image\":{\"@id\":\"https:\/\/sunontop.com\/#\/schema\/logo\/image\/\"},\"sameAs\":[\"https:\/\/www.facebook.com\/paciglobal\",\"https:\/\/x.com\/PaciGlobal\",\"https:\/\/www.instagram.com\/paciglobal\/\",\"https:\/\/www.youtube.com\/user\/pacienginyers\",\"https:\/\/www.linkedin.com\/company\/paci-global\/\"]}]}<\/script>\n<!-- \/ Yoast SEO plugin. -->","yoast_head_json":{"title":"Pol\u00edtica de privacitat - SunOnTop","robots":{"index":"index","follow":"follow","max-snippet":"max-snippet:-1","max-image-preview":"max-image-preview:large","max-video-preview":"max-video-preview:-1"},"canonical":"https:\/\/sunontop.com\/ca\/politica-privacitat\/","og_locale":"ca_ES","og_type":"article","og_title":"Pol\u00edtica de privacitat - SunOnTop","og_description":"[vc_row][vc_column][vc_column_text]D&#8217;acord amb el que disposa el Reglament (UE) 2016\/679 del Parlament Europeu i del Consell de 27 d&#8217;abril de 2016 relatiu a la protecci\u00f3 de les persones f\u00edsiques pel que fa al tractament de dades personals ia la lliure circulaci\u00f3 d&#8217;aquestes dades i pel qual es deroga la Directiva 95\/46\/CE (d&#8217;ara endavant, \u201cRGPD\u201d), a continuaci\u00f3&hellip;","og_url":"https:\/\/sunontop.com\/ca\/politica-privacitat\/","og_site_name":"SunOnTop","article_publisher":"https:\/\/www.facebook.com\/paciglobal","article_modified_time":"2022-11-30T13:24:00+00:00","twitter_card":"summary_large_image","twitter_site":"@PaciGlobal","twitter_misc":{"Temps estimat de lectura":"3 minuts"},"schema":{"@context":"https:\/\/schema.org","@graph":[{"@type":"WebPage","@id":"https:\/\/sunontop.com\/ca\/politica-privacitat\/","url":"https:\/\/sunontop.com\/ca\/politica-privacitat\/","name":"Pol\u00edtica de privacitat - SunOnTop","isPartOf":{"@id":"https:\/\/sunontop.com\/#website"},"datePublished":"2022-11-15T09:12:43+00:00","dateModified":"2022-11-30T13:24:00+00:00","breadcrumb":{"@id":"https:\/\/sunontop.com\/ca\/politica-privacitat\/#breadcrumb"},"inLanguage":"ca","potentialAction":[{"@type":"ReadAction","target":["https:\/\/sunontop.com\/ca\/politica-privacitat\/"]}]},{"@type":"BreadcrumbList","@id":"https:\/\/sunontop.com\/ca\/politica-privacitat\/#breadcrumb","itemListElement":[{"@type":"ListItem","position":1,"name":"Portada","item":"https:\/\/sunontop.com\/ca\/"},{"@type":"ListItem","position":2,"name":"Pol\u00edtica de privacitat"}]},{"@type":"WebSite","@id":"https:\/\/sunontop.com\/#website","url":"https:\/\/sunontop.com\/","name":"SunOnTop - Energ\u00eda solar fotovoltaica - Cargador veh\u00edculo el\u00e9ctrico","description":"Dise\u00f1o e instalaci\u00f3n de plantas solares fotovoltaicas. Cargadores de veh\u00edculos el\u00e9ctricos","publisher":{"@id":"https:\/\/sunontop.com\/#organization"},"alternateName":"SunOnTop","potentialAction":[{"@type":"SearchAction","target":{"@type":"EntryPoint","urlTemplate":"https:\/\/sunontop.com\/?s={search_term_string}"},"query-input":{"@type":"PropertyValueSpecification","valueRequired":true,"valueName":"search_term_string"}}],"inLanguage":"ca"},{"@type":"Organization","@id":"https:\/\/sunontop.com\/#organization","name":"SunOnTop - Energ\u00eda solar fotovoltaica - Cargador veh\u00edculo el\u00e9ctrico","alternateName":"SunOnTop","url":"https:\/\/sunontop.com\/","logo":{"@type":"ImageObject","inLanguage":"ca","@id":"https:\/\/sunontop.com\/#\/schema\/logo\/image\/","url":"https:\/\/sunontop.com\/wp-content\/uploads\/2022\/11\/logo.png","contentUrl":"https:\/\/sunontop.com\/wp-content\/uploads\/2022\/11\/logo.png","width":175,"height":82,"caption":"SunOnTop - Energ\u00eda solar fotovoltaica - Cargador veh\u00edculo el\u00e9ctrico"},"image":{"@id":"https:\/\/sunontop.com\/#\/schema\/logo\/image\/"},"sameAs":["https:\/\/www.facebook.com\/paciglobal","https:\/\/x.com\/PaciGlobal","https:\/\/www.instagram.com\/paciglobal\/","https:\/\/www.youtube.com\/user\/pacienginyers","https:\/\/www.linkedin.com\/company\/paci-global\/"]}]}},"_links":{"self":[{"href":"https:\/\/sunontop.com\/ca\/wp-json\/wp\/v2\/pages\/3278","targetHints":{"allow":["GET"]}}],"collection":[{"href":"https:\/\/sunontop.com\/ca\/wp-json\/wp\/v2\/pages"}],"about":[{"href":"https:\/\/sunontop.com\/ca\/wp-json\/wp\/v2\/types\/page"}],"author":[{"embeddable":true,"href":"https:\/\/sunontop.com\/ca\/wp-json\/wp\/v2\/users\/1"}],"replies":[{"embeddable":true,"href":"https:\/\/sunontop.com\/ca\/wp-json\/wp\/v2\/comments?post=3278"}],"version-history":[{"count":1,"href":"https:\/\/sunontop.com\/ca\/wp-json\/wp\/v2\/pages\/3278\/revisions"}],"predecessor-version":[{"id":3281,"href":"https:\/\/sunontop.com\/ca\/wp-json\/wp\/v2\/pages\/3278\/revisions\/3281"}],"wp:attachment":[{"href":"https:\/\/sunontop.com\/ca\/wp-json\/wp\/v2\/media?parent=3278"}],"curies":[{"name":"wp","href":"https:\/\/api.w.org\/{rel}","templated":true}]}}