{"id":3288,"date":"2019-12-13T05:10:45","date_gmt":"2019-12-13T05:10:45","guid":{"rendered":"http:\/\/sunontop.com\/empresa\/"},"modified":"2025-05-06T06:18:32","modified_gmt":"2025-05-06T06:18:32","slug":"empresa","status":"publish","type":"page","link":"https:\/\/sunontop.com\/ca\/empresa\/","title":{"rendered":"Empresa"},"content":{"rendered":"<div class=\"wpb-content-wrapper\"><p>[vc_row full_width=&#8221;stretch_row&#8221; css=&#8221;.vc_custom_1669216778659{border-bottom-width: 1px !important;padding-top: 120px !important;padding-bottom: 120px !important;border-bottom-color: #c4c4c4 !important;border-bottom-style: solid !important;}&#8221;][vc_column width=&#8221;1\/6&#8243;][\/vc_column][vc_column width=&#8221;2\/3&#8243;][vc_column_text]<\/p>\n<h2 style=\"text-align: center;\">15 anys projectant i instal\u00b7lant plantes fotovoltaiques<\/h2>\n<p>[\/vc_column_text][\/vc_column][vc_column width=&#8221;1\/6&#8243;][\/vc_column][\/vc_row][vc_row full_width=&#8221;stretch_row_content_no_spaces&#8221; equal_height=&#8221;yes&#8221; content_placement=&#8221;middle&#8221; el_class=&#8221;phone-reverse-col&#8221;][vc_column width=&#8221;1\/2&#8243; offset=&#8221;vc_col-lg-6 vc_col-md-6 vc_col-xs-12&#8243; css=&#8221;.vc_custom_1669215580977{padding-top: 120px !important;padding-right: 45px !important;padding-bottom: 120px !important;padding-left: 45px !important;}&#8221;][vc_row_inner][vc_column_inner]<div id=\"ultimate-heading-439569f2044961e0d\" class=\"uvc-heading ult-adjust-bottom-margin ultimate-heading-439569f2044961e0d uvc-2807 accent-border-color\" data-hspacer=\"no_spacer\"  data-halign=\"left\" style=\"text-align:left\"><div class=\"uvc-heading-spacer no_spacer\" style=\"top\"><\/div><div class=\"uvc-main-heading ult-responsive\"  data-ultimate-target='.uvc-heading.ultimate-heading-439569f2044961e0d h2'  data-responsive-json-new='{\"font-size\":\"mobile_landscape:24px;\",\"line-height\":\"mobile_landscape:34px;\"}' ><h2 style=\"font-weight:bold;margin-bottom:15px;\">L'empresa<\/h2><\/div><\/div>[vc_column_text css=&#8221;.vc_custom_1669818284695{padding-bottom: 20px !important;}&#8221;]Formem part de PACI Global des del 2007. Som una empresa especialitzada en energies renovables i efici\u00e8ncia energ\u00e8tica, pioners en la instal\u00b7laci\u00f3 de plaques solars.<\/p>\n<p>Utilitzem el nostre coneixement professional i experi\u00e8ncia adquirida per la realitzaci\u00f3 de projectes integrals.[\/vc_column_text][\/vc_column_inner][\/vc_row_inner][\/vc_column][vc_column width=&#8221;1\/2&#8243; css=&#8221;.vc_custom_1669215566477{background-image: url(http:\/\/sunontop.com\/wp-content\/uploads\/2022\/11\/company01.jpg?id=3181) !important;background-position: center !important;background-repeat: no-repeat !important;background-size: cover !important;}&#8221; offset=&#8221;vc_col-lg-6 vc_col-md-6 vc_col-xs-12&#8243;][\/vc_column][\/vc_row][vc_row full_width=&#8221;stretch_row_content_no_spaces&#8221; equal_height=&#8221;yes&#8221; content_placement=&#8221;middle&#8221; el_class=&#8221;phone-reverse-col&#8221;][vc_column width=&#8221;1\/2&#8243; css=&#8221;.vc_custom_1669215723662{background-image: url(http:\/\/sunontop.com\/wp-content\/uploads\/2022\/11\/company02.jpg?id=3186) !important;background-position: center !important;background-repeat: no-repeat !important;background-size: cover !important;}&#8221; offset=&#8221;vc_col-lg-6 vc_col-md-6 vc_col-xs-12&#8243;][\/vc_column][vc_column width=&#8221;1\/2&#8243; offset=&#8221;vc_col-lg-6 vc_col-md-6 vc_col-xs-12&#8243; css=&#8221;.vc_custom_1669215580977{padding-top: 120px !important;padding-right: 45px !important;padding-bottom: 120px !important;padding-left: 45px !important;}&#8221;][vc_row_inner][vc_column_inner]<div id=\"ultimate-heading-686369f2044961ebe\" class=\"uvc-heading ult-adjust-bottom-margin ultimate-heading-686369f2044961ebe uvc-4117 accent-border-color\" data-hspacer=\"no_spacer\"  data-halign=\"left\" style=\"text-align:left\"><div class=\"uvc-heading-spacer no_spacer\" style=\"top\"><\/div><div class=\"uvc-main-heading ult-responsive\"  data-ultimate-target='.uvc-heading.ultimate-heading-686369f2044961ebe h2'  data-responsive-json-new='{\"font-size\":\"mobile_landscape:24px;\",\"line-height\":\"mobile_landscape:34px;\"}' ><h2 style=\"font-weight:bold;margin-bottom:15px;\">La nostra missi\u00f3<\/h2><\/div><\/div>[vc_column_text css=&#8221;.vc_custom_1669818308460{padding-bottom: 20px !important;}&#8221;]Oferir als nostres clients un servei integral per a la realitzaci\u00f3 dels projectes, aportant solucions d&#8217;alt rendiment i amb garantia de qualitat.[\/vc_column_text][\/vc_column_inner][\/vc_row_inner][\/vc_column][\/vc_row][vc_row full_width=&#8221;stretch_row_content_no_spaces&#8221; equal_height=&#8221;yes&#8221; content_placement=&#8221;middle&#8221; el_class=&#8221;phone-reverse-col&#8221;][vc_column width=&#8221;1\/2&#8243; offset=&#8221;vc_col-lg-6 vc_col-md-6 vc_col-xs-12&#8243; css=&#8221;.vc_custom_1669215580977{padding-top: 120px !important;padding-right: 45px !important;padding-bottom: 120px !important;padding-left: 45px !important;}&#8221;][vc_row_inner][vc_column_inner]<div id=\"ultimate-heading-84169f2044961f2a\" class=\"uvc-heading ult-adjust-bottom-margin ultimate-heading-84169f2044961f2a uvc-5269 accent-border-color\" data-hspacer=\"no_spacer\"  data-halign=\"left\" style=\"text-align:left\"><div class=\"uvc-heading-spacer no_spacer\" style=\"top\"><\/div><div class=\"uvc-main-heading ult-responsive\"  data-ultimate-target='.uvc-heading.ultimate-heading-84169f2044961f2a h2'  data-responsive-json-new='{\"font-size\":\"mobile_landscape:24px;\",\"line-height\":\"mobile_landscape:34px;\"}' ><h2 style=\"font-weight:bold;margin-bottom:15px;\">Els nostres valors<\/h2><\/div><\/div>[vc_column_text css=&#8221;.vc_custom_1669818324709{padding-bottom: 20px !important;}&#8221;]Estem compromesos amb la preservaci\u00f3 del medi ambient, l&#8217;efici\u00e8ncia energ\u00e8tica i la responsabilitat social.[\/vc_column_text][\/vc_column_inner][\/vc_row_inner][\/vc_column][vc_column width=&#8221;1\/2&#8243; css=&#8221;.vc_custom_1669215762490{background-image: url(http:\/\/sunontop.com\/wp-content\/uploads\/2022\/11\/company03.jpg?id=3188) !important;background-position: center !important;background-repeat: no-repeat !important;background-size: cover !important;}&#8221; offset=&#8221;vc_col-lg-6 vc_col-md-6 vc_col-xs-12&#8243;][\/vc_column][\/vc_row][vc_row full_width=&#8221;stretch_row&#8221; bg_type=&#8221;image&#8221; parallax_style=&#8221;vcpb-default&#8221; bg_image_new=&#8221;id^3202|url^http:\/\/sunontop.com\/wp-content\/uploads\/2022\/11\/solar-pannels-and-wind-power-plant-outside-2.jpg|caption^null|alt^null|title^solar-pannels-and-wind-power-plant-outside|description^null&#8221; bg_image_repeat=&#8221;no-repeat&#8221; css=&#8221;.vc_custom_1673956986041{padding-top: 120px !important;background-position: center !important;background-repeat: no-repeat !important;background-size: cover !important;}&#8221; el_class=&#8221;form-wrap&#8221;][vc_column width=&#8221;1\/2&#8243;][vc_column_text css=&#8221;&#8221;]<\/p>\n<h2><span style=\"color: #ffffff;\">Contacta amb nosaltres<\/span><\/h2>\n<p><span style=\"color: #ffffff;\"><strong>ADRE\u00c7A<\/strong><\/span><br \/>\n<span style=\"color: #ffffff;\">C\/ Mallorca 272, 4\u00ba-4\u00aa, 08037 Barcelona<\/span><br \/>\n<span style=\"color: #ffffff;\">Tel 93 418 1584 \u2013 Tel \/ Fax 93 551 0383<\/span><br \/>\n<a href=\"mailto:solar@paci.biz\"><span style=\"color: #ffffff;\">solar@paci.biz<\/span><\/a>[\/vc_column_text][vc_empty_space height=&#8221;45px&#8221;][\/vc_column][vc_column width=&#8221;1\/2&#8243;][vc_row_inner css=&#8221;.vc_custom_1673956995395{padding-top: 45px !important;padding-bottom: 45px !important;background-color: #f6f7f7 !important;}&#8221; el_class=&#8221;form&#8221;][vc_column_inner]\n<div class=\"wpcf7 no-js\" id=\"wpcf7-f3287-o1\" lang=\"ca\" dir=\"ltr\" data-wpcf7-id=\"3287\">\n<div class=\"screen-reader-response\"><p role=\"status\" aria-live=\"polite\" aria-atomic=\"true\"><\/p> <ul><\/ul><\/div>\n<form action=\"\/ca\/wp-json\/wp\/v2\/pages\/3288#wpcf7-f3287-o1\" method=\"post\" class=\"wpcf7-form init\" aria-label=\"Formulari de contacte\" novalidate=\"novalidate\" data-status=\"init\">\n<fieldset class=\"hidden-fields-container\"><input type=\"hidden\" name=\"_wpcf7\" value=\"3287\" \/><input type=\"hidden\" name=\"_wpcf7_version\" value=\"6.1.5\" \/><input type=\"hidden\" name=\"_wpcf7_locale\" value=\"ca\" \/><input type=\"hidden\" name=\"_wpcf7_unit_tag\" value=\"wpcf7-f3287-o1\" \/><input type=\"hidden\" name=\"_wpcf7_container_post\" value=\"0\" \/><input type=\"hidden\" name=\"_wpcf7_posted_data_hash\" value=\"\" \/><input type=\"hidden\" name=\"_wpcf7_recaptcha_response\" value=\"\" \/>\n<\/fieldset>\n<div class=\"cf7-left\">\n\t<p><span class=\"wpcf7-form-control-wrap\" data-name=\"mname\"><input size=\"40\" maxlength=\"400\" class=\"wpcf7-form-control wpcf7-text wpcf7-validates-as-required\" aria-required=\"true\" aria-invalid=\"false\" placeholder=\"Nom\" value=\"\" type=\"text\" name=\"mname\" \/><\/span>\n\t<\/p>\n<\/div>\n<div class=\"cf7-right\">\n\t<p><span class=\"wpcf7-form-control-wrap\" data-name=\"surname\"><input size=\"40\" maxlength=\"400\" class=\"wpcf7-form-control wpcf7-text wpcf7-validates-as-required\" aria-required=\"true\" aria-invalid=\"false\" placeholder=\"Cognoms\" value=\"\" type=\"text\" name=\"surname\" \/><\/span>\n\t<\/p>\n<\/div>\n<p><span class=\"wpcf7-form-control-wrap\" data-name=\"email\"><input size=\"40\" maxlength=\"400\" class=\"wpcf7-form-control wpcf7-email wpcf7-validates-as-required wpcf7-text wpcf7-validates-as-email\" aria-required=\"true\" aria-invalid=\"false\" placeholder=\"Correu electr\u00f2nic\" value=\"\" type=\"email\" name=\"email\" \/><\/span>\n<\/p>\n<div class=\"cf7-left\">\n\t<p><span class=\"wpcf7-form-control-wrap\" data-name=\"phone\"><input size=\"40\" maxlength=\"400\" class=\"wpcf7-form-control wpcf7-tel wpcf7-text wpcf7-validates-as-tel\" aria-invalid=\"false\" placeholder=\"Tel\u00e8fon\" value=\"\" type=\"tel\" name=\"phone\" \/><\/span>\n\t<\/p>\n<\/div>\n<div class=\"cf7-right\">\n\t<p><span class=\"wpcf7-form-control-wrap\" data-name=\"city\"><input size=\"40\" maxlength=\"400\" class=\"wpcf7-form-control wpcf7-text\" aria-invalid=\"false\" placeholder=\"Municipi\" value=\"\" type=\"text\" name=\"city\" \/><\/span>\n\t<\/p>\n<\/div>\n<p><span class=\"wpcf7-form-control-wrap\" data-name=\"service\"><select class=\"wpcf7-form-control wpcf7-select\" aria-invalid=\"false\" name=\"service\"><option value=\"Selecciona el servici\">Selecciona el servici<\/option><option value=\"Instal\u00b7lacions a\u00efllades\">Instal\u00b7lacions a\u00efllades<\/option><option value=\"Instal\u00b7laci\u00f3 d&#039;autoconsum amb\/sense excedents\">Instal\u00b7laci\u00f3 d&#039;autoconsum amb\/sense excedents<\/option><option value=\"Instal\u00b7laci\u00f3 d&#039;autoconsum amb bateries\">Instal\u00b7laci\u00f3 d&#039;autoconsum amb bateries<\/option><option value=\"Comunitats energ\u00e8tiques\">Comunitats energ\u00e8tiques<\/option><option value=\"Carregador en aparcament propi\">Carregador en aparcament propi<\/option><option value=\"Carregador en aparcament comunitari\">Carregador en aparcament comunitari<\/option><option value=\"Carregador en espais p\u00fablics\">Carregador en espais p\u00fablics<\/option><\/select><\/span>\n<\/p>\n<p>\u00bfEstem parlant de la teva...?\n<\/p>\n<p><span class=\"wpcf7-form-control-wrap\" data-name=\"place\"><select class=\"wpcf7-form-control wpcf7-select\" aria-invalid=\"false\" name=\"place\"><option value=\"Llar\">Llar<\/option><option value=\"Comunitat de ve\u00efns\">Comunitat de ve\u00efns<\/option><option value=\"Negoci\">Negoci<\/option><option value=\"Ind\u00fastria\">Ind\u00fastria<\/option><\/select><\/span>\n<\/p>\n<p><span class=\"wpcf7-form-control-wrap\" data-name=\"when\"><select class=\"wpcf7-form-control wpcf7-select\" aria-invalid=\"false\" name=\"when\"><option value=\"Disponibilitat per contactar-te\">Disponibilitat per contactar-te<\/option><option value=\"Com m\u00e9s aviat millor\">Com m\u00e9s aviat millor<\/option><option value=\"De 8:00 a 12:00\">De 8:00 a 12:00<\/option><option value=\"De 12:00 a 20:00\">De 12:00 a 20:00<\/option><\/select><\/span>\n<\/p>\n<p><span class=\"wpcf7-form-control-wrap\" data-name=\"your-message\"><textarea cols=\"40\" rows=\"10\" maxlength=\"2000\" class=\"wpcf7-form-control wpcf7-textarea\" aria-invalid=\"false\" placeholder=\"Missatge\" name=\"your-message\"><\/textarea><\/span>\n<\/p>\n<p><span class=\"wpcf7-form-control-wrap\" data-name=\"acceptance\"><span class=\"wpcf7-form-control wpcf7-acceptance\"><span class=\"wpcf7-list-item\"><label><input type=\"checkbox\" name=\"acceptance\" value=\"1\" aria-invalid=\"false\" \/><span class=\"wpcf7-list-item-label\">He llegit i accepto la <a href=\"\/ca\/politica-de-privacitat\/\">Pol\u00edtica de privacitat<\/a> de Sunontop<\/span><\/label><\/span><\/span><\/span>\n<\/p>\n<p><input class=\"wpcf7-form-control wpcf7-submit has-spinner\" type=\"submit\" value=\"Enviar\" \/>\n<\/p><div class=\"wpcf7-response-output\" aria-hidden=\"true\"><\/div>\n<\/form>\n<\/div>\n[\/vc_column_inner][\/vc_row_inner][\/vc_column][\/vc_row]<\/p>\n<\/div>","protected":false},"excerpt":{"rendered":"<p>[vc_row full_width=&#8221;stretch_row&#8221; css=&#8221;.vc_custom_1669216778659{border-bottom-width: 1px !important;padding-top: 120px !important;padding-bottom: 120px !important;border-bottom-color: #c4c4c4 !important;border-bottom-style: solid !important;}&#8221;][vc_column width=&#8221;1\/6&#8243;][\/vc_column][vc_column width=&#8221;2\/3&#8243;][vc_column_text] 15 anys projectant i instal\u00b7lant plantes fotovoltaiques [\/vc_column_text][\/vc_column][vc_column width=&#8221;1\/6&#8243;][\/vc_column][\/vc_row][vc_row full_width=&#8221;stretch_row_content_no_spaces&#8221; equal_height=&#8221;yes&#8221; content_placement=&#8221;middle&#8221; el_class=&#8221;phone-reverse-col&#8221;][vc_column width=&#8221;1\/2&#8243; offset=&#8221;vc_col-lg-6 vc_col-md-6 vc_col-xs-12&#8243; css=&#8221;.vc_custom_1669215580977{padding-top: 120px !important;padding-right: 45px !important;padding-bottom: 120px !important;padding-left: 45px !important;}&#8221;][vc_row_inner][vc_column_inner][vc_column_text css=&#8221;.vc_custom_1669818284695{padding-bottom: 20px !important;}&#8221;]Formem part de PACI Global des del 2007. Som una empresa especialitzada&hellip;<\/p>\n","protected":false},"author":1,"featured_media":0,"parent":0,"menu_order":5,"comment_status":"closed","ping_status":"closed","template":"","meta":{"footnotes":""},"class_list":["post-3288","page","type-page","status-publish","hentry","description-off"],"yoast_head":"<!-- This site is optimized with the Yoast SEO plugin v27.1.1 - https:\/\/yoast.com\/product\/yoast-seo-wordpress\/ -->\n<title>Empresa - SunOnTop<\/title>\n<meta name=\"robots\" content=\"index, follow, max-snippet:-1, max-image-preview:large, max-video-preview:-1\" \/>\n<link rel=\"canonical\" href=\"https:\/\/sunontop.com\/ca\/empresa\/\" \/>\n<meta property=\"og:locale\" content=\"ca_ES\" \/>\n<meta property=\"og:type\" content=\"article\" \/>\n<meta property=\"og:title\" content=\"Empresa - SunOnTop\" \/>\n<meta property=\"og:description\" content=\"[vc_row full_width=&#8221;stretch_row&#8221; css=&#8221;.vc_custom_1669216778659{border-bottom-width: 1px !important;padding-top: 120px !important;padding-bottom: 120px !important;border-bottom-color: #c4c4c4 !important;border-bottom-style: solid !important;}&#8221;][vc_column width=&#8221;1\/6&#8243;][\/vc_column][vc_column width=&#8221;2\/3&#8243;][vc_column_text] 15 anys projectant i instal\u00b7lant plantes fotovoltaiques [\/vc_column_text][\/vc_column][vc_column width=&#8221;1\/6&#8243;][\/vc_column][\/vc_row][vc_row full_width=&#8221;stretch_row_content_no_spaces&#8221; equal_height=&#8221;yes&#8221; content_placement=&#8221;middle&#8221; el_class=&#8221;phone-reverse-col&#8221;][vc_column width=&#8221;1\/2&#8243; offset=&#8221;vc_col-lg-6 vc_col-md-6 vc_col-xs-12&#8243; css=&#8221;.vc_custom_1669215580977{padding-top: 120px !important;padding-right: 45px !important;padding-bottom: 120px !important;padding-left: 45px !important;}&#8221;][vc_row_inner][vc_column_inner][vc_column_text css=&#8221;.vc_custom_1669818284695{padding-bottom: 20px !important;}&#8221;]Formem part de PACI Global des del 2007. Som una empresa especialitzada&hellip;\" \/>\n<meta property=\"og:url\" content=\"https:\/\/sunontop.com\/ca\/empresa\/\" \/>\n<meta property=\"og:site_name\" content=\"SunOnTop\" \/>\n<meta property=\"article:publisher\" content=\"https:\/\/www.facebook.com\/paciglobal\" \/>\n<meta property=\"article:modified_time\" content=\"2025-05-06T06:18:32+00:00\" \/>\n<meta name=\"twitter:card\" content=\"summary_large_image\" \/>\n<meta name=\"twitter:site\" content=\"@PaciGlobal\" \/>\n<meta name=\"twitter:label1\" content=\"Temps estimat de lectura\" \/>\n\t<meta name=\"twitter:data1\" content=\"2 minuts\" \/>\n<script type=\"application\/ld+json\" class=\"yoast-schema-graph\">{\"@context\":\"https:\/\/schema.org\",\"@graph\":[{\"@type\":\"WebPage\",\"@id\":\"https:\/\/sunontop.com\/ca\/empresa\/\",\"url\":\"https:\/\/sunontop.com\/ca\/empresa\/\",\"name\":\"Empresa - SunOnTop\",\"isPartOf\":{\"@id\":\"https:\/\/sunontop.com\/#website\"},\"datePublished\":\"2019-12-13T05:10:45+00:00\",\"dateModified\":\"2025-05-06T06:18:32+00:00\",\"breadcrumb\":{\"@id\":\"https:\/\/sunontop.com\/ca\/empresa\/#breadcrumb\"},\"inLanguage\":\"ca\",\"potentialAction\":[{\"@type\":\"ReadAction\",\"target\":[\"https:\/\/sunontop.com\/ca\/empresa\/\"]}]},{\"@type\":\"BreadcrumbList\",\"@id\":\"https:\/\/sunontop.com\/ca\/empresa\/#breadcrumb\",\"itemListElement\":[{\"@type\":\"ListItem\",\"position\":1,\"name\":\"Portada\",\"item\":\"https:\/\/sunontop.com\/ca\/\"},{\"@type\":\"ListItem\",\"position\":2,\"name\":\"Empresa\"}]},{\"@type\":\"WebSite\",\"@id\":\"https:\/\/sunontop.com\/#website\",\"url\":\"https:\/\/sunontop.com\/\",\"name\":\"SunOnTop - Energ\u00eda solar fotovoltaica - Cargador veh\u00edculo el\u00e9ctrico\",\"description\":\"Dise\u00f1o e instalaci\u00f3n de plantas solares fotovoltaicas. Cargadores de veh\u00edculos el\u00e9ctricos\",\"publisher\":{\"@id\":\"https:\/\/sunontop.com\/#organization\"},\"alternateName\":\"SunOnTop\",\"potentialAction\":[{\"@type\":\"SearchAction\",\"target\":{\"@type\":\"EntryPoint\",\"urlTemplate\":\"https:\/\/sunontop.com\/?s={search_term_string}\"},\"query-input\":{\"@type\":\"PropertyValueSpecification\",\"valueRequired\":true,\"valueName\":\"search_term_string\"}}],\"inLanguage\":\"ca\"},{\"@type\":\"Organization\",\"@id\":\"https:\/\/sunontop.com\/#organization\",\"name\":\"SunOnTop - Energ\u00eda solar fotovoltaica - Cargador veh\u00edculo el\u00e9ctrico\",\"alternateName\":\"SunOnTop\",\"url\":\"https:\/\/sunontop.com\/\",\"logo\":{\"@type\":\"ImageObject\",\"inLanguage\":\"ca\",\"@id\":\"https:\/\/sunontop.com\/#\/schema\/logo\/image\/\",\"url\":\"https:\/\/sunontop.com\/wp-content\/uploads\/2022\/11\/logo.png\",\"contentUrl\":\"https:\/\/sunontop.com\/wp-content\/uploads\/2022\/11\/logo.png\",\"width\":175,\"height\":82,\"caption\":\"SunOnTop - Energ\u00eda solar fotovoltaica - Cargador veh\u00edculo el\u00e9ctrico\"},\"image\":{\"@id\":\"https:\/\/sunontop.com\/#\/schema\/logo\/image\/\"},\"sameAs\":[\"https:\/\/www.facebook.com\/paciglobal\",\"https:\/\/x.com\/PaciGlobal\",\"https:\/\/www.instagram.com\/paciglobal\/\",\"https:\/\/www.youtube.com\/user\/pacienginyers\",\"https:\/\/www.linkedin.com\/company\/paci-global\/\"]}]}<\/script>\n<!-- \/ Yoast SEO plugin. -->","yoast_head_json":{"title":"Empresa - SunOnTop","robots":{"index":"index","follow":"follow","max-snippet":"max-snippet:-1","max-image-preview":"max-image-preview:large","max-video-preview":"max-video-preview:-1"},"canonical":"https:\/\/sunontop.com\/ca\/empresa\/","og_locale":"ca_ES","og_type":"article","og_title":"Empresa - SunOnTop","og_description":"[vc_row full_width=&#8221;stretch_row&#8221; css=&#8221;.vc_custom_1669216778659{border-bottom-width: 1px !important;padding-top: 120px !important;padding-bottom: 120px !important;border-bottom-color: #c4c4c4 !important;border-bottom-style: solid !important;}&#8221;][vc_column width=&#8221;1\/6&#8243;][\/vc_column][vc_column width=&#8221;2\/3&#8243;][vc_column_text] 15 anys projectant i instal\u00b7lant plantes fotovoltaiques [\/vc_column_text][\/vc_column][vc_column width=&#8221;1\/6&#8243;][\/vc_column][\/vc_row][vc_row full_width=&#8221;stretch_row_content_no_spaces&#8221; equal_height=&#8221;yes&#8221; content_placement=&#8221;middle&#8221; el_class=&#8221;phone-reverse-col&#8221;][vc_column width=&#8221;1\/2&#8243; offset=&#8221;vc_col-lg-6 vc_col-md-6 vc_col-xs-12&#8243; css=&#8221;.vc_custom_1669215580977{padding-top: 120px !important;padding-right: 45px !important;padding-bottom: 120px !important;padding-left: 45px !important;}&#8221;][vc_row_inner][vc_column_inner][vc_column_text css=&#8221;.vc_custom_1669818284695{padding-bottom: 20px !important;}&#8221;]Formem part de PACI Global des del 2007. Som una empresa especialitzada&hellip;","og_url":"https:\/\/sunontop.com\/ca\/empresa\/","og_site_name":"SunOnTop","article_publisher":"https:\/\/www.facebook.com\/paciglobal","article_modified_time":"2025-05-06T06:18:32+00:00","twitter_card":"summary_large_image","twitter_site":"@PaciGlobal","twitter_misc":{"Temps estimat de lectura":"2 minuts"},"schema":{"@context":"https:\/\/schema.org","@graph":[{"@type":"WebPage","@id":"https:\/\/sunontop.com\/ca\/empresa\/","url":"https:\/\/sunontop.com\/ca\/empresa\/","name":"Empresa - SunOnTop","isPartOf":{"@id":"https:\/\/sunontop.com\/#website"},"datePublished":"2019-12-13T05:10:45+00:00","dateModified":"2025-05-06T06:18:32+00:00","breadcrumb":{"@id":"https:\/\/sunontop.com\/ca\/empresa\/#breadcrumb"},"inLanguage":"ca","potentialAction":[{"@type":"ReadAction","target":["https:\/\/sunontop.com\/ca\/empresa\/"]}]},{"@type":"BreadcrumbList","@id":"https:\/\/sunontop.com\/ca\/empresa\/#breadcrumb","itemListElement":[{"@type":"ListItem","position":1,"name":"Portada","item":"https:\/\/sunontop.com\/ca\/"},{"@type":"ListItem","position":2,"name":"Empresa"}]},{"@type":"WebSite","@id":"https:\/\/sunontop.com\/#website","url":"https:\/\/sunontop.com\/","name":"SunOnTop - Energ\u00eda solar fotovoltaica - Cargador veh\u00edculo el\u00e9ctrico","description":"Dise\u00f1o e instalaci\u00f3n de plantas solares fotovoltaicas. Cargadores de veh\u00edculos el\u00e9ctricos","publisher":{"@id":"https:\/\/sunontop.com\/#organization"},"alternateName":"SunOnTop","potentialAction":[{"@type":"SearchAction","target":{"@type":"EntryPoint","urlTemplate":"https:\/\/sunontop.com\/?s={search_term_string}"},"query-input":{"@type":"PropertyValueSpecification","valueRequired":true,"valueName":"search_term_string"}}],"inLanguage":"ca"},{"@type":"Organization","@id":"https:\/\/sunontop.com\/#organization","name":"SunOnTop - Energ\u00eda solar fotovoltaica - Cargador veh\u00edculo el\u00e9ctrico","alternateName":"SunOnTop","url":"https:\/\/sunontop.com\/","logo":{"@type":"ImageObject","inLanguage":"ca","@id":"https:\/\/sunontop.com\/#\/schema\/logo\/image\/","url":"https:\/\/sunontop.com\/wp-content\/uploads\/2022\/11\/logo.png","contentUrl":"https:\/\/sunontop.com\/wp-content\/uploads\/2022\/11\/logo.png","width":175,"height":82,"caption":"SunOnTop - Energ\u00eda solar fotovoltaica - Cargador veh\u00edculo el\u00e9ctrico"},"image":{"@id":"https:\/\/sunontop.com\/#\/schema\/logo\/image\/"},"sameAs":["https:\/\/www.facebook.com\/paciglobal","https:\/\/x.com\/PaciGlobal","https:\/\/www.instagram.com\/paciglobal\/","https:\/\/www.youtube.com\/user\/pacienginyers","https:\/\/www.linkedin.com\/company\/paci-global\/"]}]}},"_links":{"self":[{"href":"https:\/\/sunontop.com\/ca\/wp-json\/wp\/v2\/pages\/3288","targetHints":{"allow":["GET"]}}],"collection":[{"href":"https:\/\/sunontop.com\/ca\/wp-json\/wp\/v2\/pages"}],"about":[{"href":"https:\/\/sunontop.com\/ca\/wp-json\/wp\/v2\/types\/page"}],"author":[{"embeddable":true,"href":"https:\/\/sunontop.com\/ca\/wp-json\/wp\/v2\/users\/1"}],"replies":[{"embeddable":true,"href":"https:\/\/sunontop.com\/ca\/wp-json\/wp\/v2\/comments?post=3288"}],"version-history":[{"count":5,"href":"https:\/\/sunontop.com\/ca\/wp-json\/wp\/v2\/pages\/3288\/revisions"}],"predecessor-version":[{"id":3746,"href":"https:\/\/sunontop.com\/ca\/wp-json\/wp\/v2\/pages\/3288\/revisions\/3746"}],"wp:attachment":[{"href":"https:\/\/sunontop.com\/ca\/wp-json\/wp\/v2\/media?parent=3288"}],"curies":[{"name":"wp","href":"https:\/\/api.w.org\/{rel}","templated":true}]}}