{"id":3291,"date":"2019-12-12T05:15:11","date_gmt":"2019-12-12T05:15:11","guid":{"rendered":"http:\/\/sunontop.com\/noticias\/"},"modified":"2023-01-10T12:32:08","modified_gmt":"2023-01-10T12:32:08","slug":"noticies","status":"publish","type":"page","link":"https:\/\/sunontop.com\/ca\/noticies\/","title":{"rendered":"Not\u00edcies"},"content":{"rendered":"<div class=\"wpb-content-wrapper\"><p>[vc_row full_width=&#8221;stretch_row_content_no_spaces&#8221; css=&#8221;.vc_custom_1580210562158{padding-top: 50px !important;padding-right: 30px !important;padding-bottom: 50px !important;padding-left: 30px !important;}&#8221;][vc_column]<style type=\"text\/css\" data-type=\"the7_shortcodes-inline-css\">.blog-shortcode.blog-masonry-shortcode-id-35ae3dc5968d708834ab53a1ec9cf632.dividers-on.classic-layout-list article {\n  padding-top: 0;\n}\n.blog-shortcode.blog-masonry-shortcode-id-35ae3dc5968d708834ab53a1ec9cf632.dividers-on.classic-layout-list article:first-of-type {\n  margin-top: 0;\n  padding-top: 0;\n}\n.blog-shortcode.blog-masonry-shortcode-id-35ae3dc5968d708834ab53a1ec9cf632.classic-layout-list.mode-list .post-entry-content {\n  width: calc(100% - );\n}\n.blog-shortcode.blog-masonry-shortcode-id-35ae3dc5968d708834ab53a1ec9cf632.classic-layout-list.mode-list .no-img .post-entry-content {\n  width: 100%;\n}\n.blog-shortcode.blog-masonry-shortcode-id-35ae3dc5968d708834ab53a1ec9cf632 .filter-bg-decoration .filter-categories a.act {\n  color: #fff;\n}\n.blog-shortcode.blog-masonry-shortcode-id-35ae3dc5968d708834ab53a1ec9cf632:not(.mode-masonry) article:first-of-type,\n.blog-shortcode.blog-masonry-shortcode-id-35ae3dc5968d708834ab53a1ec9cf632:not(.mode-masonry) article.visible.first:not(.product) {\n  margin-top: 0;\n}\n.blog-shortcode.blog-masonry-shortcode-id-35ae3dc5968d708834ab53a1ec9cf632.dividers-on:not(.mode-masonry) article {\n  margin-top: 0;\n}\n.blog-shortcode.blog-masonry-shortcode-id-35ae3dc5968d708834ab53a1ec9cf632.dividers-on:not(.mode-masonry) article:first-of-type,\n.blog-shortcode.blog-masonry-shortcode-id-35ae3dc5968d708834ab53a1ec9cf632.dividers-on:not(.mode-masonry) article.visible.first:not(.product) {\n  margin-top: 0;\n  padding-top: 0;\n}\n.blog-shortcode.blog-masonry-shortcode-id-35ae3dc5968d708834ab53a1ec9cf632 .post-thumbnail-wrap {\n  padding: 0px 0px 0px 0px;\n}\n.blog-shortcode.blog-masonry-shortcode-id-35ae3dc5968d708834ab53a1ec9cf632.enable-bg-rollover .post-thumbnail-rollover:after {\n  background: rgba(0,0,0,0.4);\n  box-shadow: none;\n  background: -webkit-linear-gradient();\n  background: linear-gradient();\n}\n.blog-shortcode.blog-masonry-shortcode-id-35ae3dc5968d708834ab53a1ec9cf632 .gallery-zoom-ico {\n  width: 50px;\n  height: 50px;\n  line-height: 50px;\n  border-radius: 100px;\n  margin: -25px 0 0 -25px;\n  border-width: 3px;\n  border-color: #ffffff;\n  color: #ffffff;\n}\n.bottom-overlap-layout-list.blog-shortcode.blog-masonry-shortcode-id-35ae3dc5968d708834ab53a1ec9cf632 .gallery-zoom-ico {\n  margin-top: -75px;\n}\n.gradient-overlay-layout-list.blog-shortcode.blog-masonry-shortcode-id-35ae3dc5968d708834ab53a1ec9cf632 .gallery-zoom-ico,\n.content-rollover-layout-list.blog-shortcode.blog-masonry-shortcode-id-35ae3dc5968d708834ab53a1ec9cf632 .gallery-zoom-ico {\n  margin: 0 0 10px;\n}\n.content-align-center.gradient-overlay-layout-list.blog-shortcode.blog-masonry-shortcode-id-35ae3dc5968d708834ab53a1ec9cf632 .gallery-zoom-ico,\n.content-align-center.content-rollover-layout-list.blog-shortcode.blog-masonry-shortcode-id-35ae3dc5968d708834ab53a1ec9cf632 .gallery-zoom-ico {\n  margin: 0 auto 10px;\n}\n.dt-icon-bg-on.blog-shortcode.blog-masonry-shortcode-id-35ae3dc5968d708834ab53a1ec9cf632 .gallery-zoom-ico {\n  background: rgba(255,255,255,0.3);\n  box-shadow: none;\n}\n.blog-shortcode.blog-masonry-shortcode-id-35ae3dc5968d708834ab53a1ec9cf632 .gallery-zoom-ico > span,\n.blog-shortcode.blog-masonry-shortcode-id-35ae3dc5968d708834ab53a1ec9cf632 .gallery-zoom-ico:before {\n  font-size: 16px;\n  line-height: 50px;\n}\n.blog-shortcode.blog-masonry-shortcode-id-35ae3dc5968d708834ab53a1ec9cf632 .gallery-zoom-ico > span,\n.blog-shortcode.blog-masonry-shortcode-id-35ae3dc5968d708834ab53a1ec9cf632 .gallery-zoom-ico:before {\n  color: #ffffff;\n}\n.blog-shortcode.blog-masonry-shortcode-id-35ae3dc5968d708834ab53a1ec9cf632 .entry-title,\n.blog-shortcode.blog-masonry-shortcode-id-35ae3dc5968d708834ab53a1ec9cf632.owl-carousel .entry-title {\n  margin-bottom: 10px;\n  font-size: 20px;\n  line-height: 30px;\n  font-weight: bold;\n}\n.blog-shortcode.blog-masonry-shortcode-id-35ae3dc5968d708834ab53a1ec9cf632 .entry-meta {\n  margin-bottom: 10px;\n}\n.blog-shortcode.blog-masonry-shortcode-id-35ae3dc5968d708834ab53a1ec9cf632 .portfolio-categories {\n  margin-bottom: 10px;\n}\n.blog-shortcode.blog-masonry-shortcode-id-35ae3dc5968d708834ab53a1ec9cf632 .entry-excerpt {\n  margin-bottom: 5px;\n}\n.blog-shortcode.blog-masonry-shortcode-id-35ae3dc5968d708834ab53a1ec9cf632:not(.centered-layout-list) .post-entry-content {\n  padding: 25px 30px 40px 30px;\n}\n.blog-shortcode.blog-masonry-shortcode-id-35ae3dc5968d708834ab53a1ec9cf632:not(.centered-layout-list):not(.content-bg-on):not(.mode-list) .no-img .post-entry-content {\n  padding: 0;\n}\n@media screen and (max-width: ) {\n  .blog-shortcode.blog-masonry-shortcode-id-35ae3dc5968d708834ab53a1ec9cf632 article {\n    -ms-flex-flow: column nowrap;\n    flex-flow: column nowrap;\n    margin-top: 20px;\n  }\n  .blog-shortcode.blog-masonry-shortcode-id-35ae3dc5968d708834ab53a1ec9cf632.dividers-on article {\n    border: none;\n  }\n  .blog-shortcode.blog-masonry-shortcode-id-35ae3dc5968d708834ab53a1ec9cf632.content-bg-on.centered-layout-list article {\n    padding: 0;\n  }\n  .blog-shortcode.blog-masonry-shortcode-id-35ae3dc5968d708834ab53a1ec9cf632.blog-shortcode.dividers-on article,\n  .blog-shortcode.blog-masonry-shortcode-id-35ae3dc5968d708834ab53a1ec9cf632.dividers-on.classic-layout-list article {\n    margin-top: 20px;\n    padding: 0;\n  }\n  .blog-shortcode.blog-masonry-shortcode-id-35ae3dc5968d708834ab53a1ec9cf632.blog-shortcode.dividers-on article:first-of-type,\n  .blog-shortcode.blog-masonry-shortcode-id-35ae3dc5968d708834ab53a1ec9cf632.dividers-on.classic-layout-list article:first-of-type {\n    padding: 0;\n  }\n  #page .blog-shortcode.blog-masonry-shortcode-id-35ae3dc5968d708834ab53a1ec9cf632 .post-thumbnail-wrap,\n  #page .blog-shortcode.blog-masonry-shortcode-id-35ae3dc5968d708834ab53a1ec9cf632 .post-entry-content {\n    width: 100%;\n    margin: 0;\n    top: 0;\n  }\n  #page .blog-shortcode.blog-masonry-shortcode-id-35ae3dc5968d708834ab53a1ec9cf632 .post-thumbnail-wrap {\n    padding: 0;\n  }\n  #page .blog-shortcode.blog-masonry-shortcode-id-35ae3dc5968d708834ab53a1ec9cf632 .post-entry-content:after {\n    display: none;\n  }\n  #page .blog-shortcode.blog-masonry-shortcode-id-35ae3dc5968d708834ab53a1ec9cf632 .project-even .post-thumbnail-wrap,\n  #page .blog-shortcode.blog-masonry-shortcode-id-35ae3dc5968d708834ab53a1ec9cf632.centered-layout-list .post-thumbnail-wrap {\n    -ms-flex-order: 0;\n    order: 0;\n  }\n  #page .blog-shortcode.blog-masonry-shortcode-id-35ae3dc5968d708834ab53a1ec9cf632.centered-layout-list .post-entry-title-content {\n    -ms-flex-order: 1;\n    order: 1;\n    width: 100%;\n    padding: 20px 20px 0;\n  }\n  #page .blog-shortcode.blog-masonry-shortcode-id-35ae3dc5968d708834ab53a1ec9cf632.centered-layout-list .post-entry-content {\n    -ms-flex-order: 2;\n    order: 2;\n    padding-top: 0;\n  }\n  #page .blog-shortcode.blog-masonry-shortcode-id-35ae3dc5968d708834ab53a1ec9cf632 .fancy-categories {\n    top: 10px;\n    left: 10px;\n    bottom: auto;\n    right: auto;\n  }\n  #page .blog-shortcode.blog-masonry-shortcode-id-35ae3dc5968d708834ab53a1ec9cf632 .fancy-date a {\n    top: 10px;\n    right: 10px;\n    left: auto;\n    bottom: auto;\n  }\n  #page .blog-shortcode.blog-masonry-shortcode-id-35ae3dc5968d708834ab53a1ec9cf632 .post-entry-content {\n    padding: 20px;\n  }\n  #page .blog-shortcode.blog-masonry-shortcode-id-35ae3dc5968d708834ab53a1ec9cf632 .entry-title {\n    margin: 3px 0 5px;\n    font-size: 20px;\n    line-height: 26px;\n  }\n  #page .blog-shortcode.blog-masonry-shortcode-id-35ae3dc5968d708834ab53a1ec9cf632 .entry-meta {\n    margin: 5px 0 5px;\n  }\n  #page .blog-shortcode.blog-masonry-shortcode-id-35ae3dc5968d708834ab53a1ec9cf632 .entry-excerpt {\n    margin: 15px 0 0;\n  }\n  #page .blog-shortcode.blog-masonry-shortcode-id-35ae3dc5968d708834ab53a1ec9cf632 .post-details {\n    margin: 5px 0 10px;\n  }\n  #page .blog-shortcode.blog-masonry-shortcode-id-35ae3dc5968d708834ab53a1ec9cf632 .post-details.details-type-link {\n    margin-bottom: 2px;\n  }\n}\n.blog-shortcode.blog-masonry-shortcode-id-35ae3dc5968d708834ab53a1ec9cf632:not(.resize-by-browser-width) .dt-css-grid {\n  grid-row-gap: 30px;\n  grid-column-gap: 30px;\n  grid-template-columns: repeat(auto-fill,minmax(,1fr));\n}\n.blog-shortcode.blog-masonry-shortcode-id-35ae3dc5968d708834ab53a1ec9cf632:not(.resize-by-browser-width) .dt-css-grid .double-width {\n  grid-column: span 2;\n}\n.cssgridlegacy.no-cssgrid .blog-shortcode.blog-masonry-shortcode-id-35ae3dc5968d708834ab53a1ec9cf632:not(.resize-by-browser-width) .dt-css-grid,\n.no-cssgridlegacy.no-cssgrid .blog-shortcode.blog-masonry-shortcode-id-35ae3dc5968d708834ab53a1ec9cf632:not(.resize-by-browser-width) .dt-css-grid {\n  display: flex;\n  flex-flow: row wrap;\n  margin: -15px;\n}\n.cssgridlegacy.no-cssgrid .blog-shortcode.blog-masonry-shortcode-id-35ae3dc5968d708834ab53a1ec9cf632:not(.resize-by-browser-width) .dt-css-grid .wf-cell,\n.no-cssgridlegacy.no-cssgrid .blog-shortcode.blog-masonry-shortcode-id-35ae3dc5968d708834ab53a1ec9cf632:not(.resize-by-browser-width) .dt-css-grid .wf-cell {\n  flex: 1 0 ;\n  max-width: 100%;\n  padding: 15px;\n  box-sizing: border-box;\n}\n.blog-shortcode.blog-masonry-shortcode-id-35ae3dc5968d708834ab53a1ec9cf632.resize-by-browser-width .dt-css-grid {\n  grid-template-columns: repeat(3,1fr);\n  grid-template-rows: auto;\n  grid-column-gap: 30px;\n  grid-row-gap: 30px;\n}\n.blog-shortcode.blog-masonry-shortcode-id-35ae3dc5968d708834ab53a1ec9cf632.resize-by-browser-width .dt-css-grid .double-width {\n  grid-column: span 2;\n}\n.cssgridlegacy.no-cssgrid .blog-shortcode.blog-masonry-shortcode-id-35ae3dc5968d708834ab53a1ec9cf632.resize-by-browser-width .dt-css-grid {\n  margin: -15px;\n}\n.cssgridlegacy.no-cssgrid .blog-shortcode.blog-masonry-shortcode-id-35ae3dc5968d708834ab53a1ec9cf632.resize-by-browser-width .dt-css-grid .wf-cell {\n  width: 33.333333333333%;\n  padding: 15px;\n}\n.cssgridlegacy.no-cssgrid .blog-shortcode.blog-masonry-shortcode-id-35ae3dc5968d708834ab53a1ec9cf632.resize-by-browser-width .dt-css-grid .wf-cell.double-width {\n  width: calc(33.333333333333%) * 2;\n}\n.blog-shortcode.blog-masonry-shortcode-id-35ae3dc5968d708834ab53a1ec9cf632.resize-by-browser-width:not(.centered-layout-list):not(.content-bg-on) .dt-css-grid {\n  grid-row-gap: -10px;\n}\n@media screen and (max-width: 1199px) {\n  .blog-shortcode.blog-masonry-shortcode-id-35ae3dc5968d708834ab53a1ec9cf632.resize-by-browser-width .dt-css-grid {\n    grid-template-columns: repeat(2,1fr);\n  }\n  .cssgridlegacy.no-cssgrid .blog-shortcode.blog-masonry-shortcode-id-35ae3dc5968d708834ab53a1ec9cf632.resize-by-browser-width .dt-css-grid .wf-cell,\n  .no-cssgridlegacy.no-cssgrid .blog-shortcode.blog-masonry-shortcode-id-35ae3dc5968d708834ab53a1ec9cf632.resize-by-browser-width .dt-css-grid .wf-cell {\n    width: 50%;\n  }\n  .cssgridlegacy.no-cssgrid .blog-shortcode.blog-masonry-shortcode-id-35ae3dc5968d708834ab53a1ec9cf632.resize-by-browser-width .dt-css-grid .wf-cell.double-width,\n  .no-cssgridlegacy.no-cssgrid .blog-shortcode.blog-masonry-shortcode-id-35ae3dc5968d708834ab53a1ec9cf632.resize-by-browser-width .dt-css-grid .wf-cell.double-width {\n    width: calc(50%)*2;\n  }\n}\n@media screen and (max-width: 991px) {\n  .blog-shortcode.blog-masonry-shortcode-id-35ae3dc5968d708834ab53a1ec9cf632.resize-by-browser-width .dt-css-grid {\n    grid-template-columns: repeat(2,1fr);\n  }\n  .cssgridlegacy.no-cssgrid .blog-shortcode.blog-masonry-shortcode-id-35ae3dc5968d708834ab53a1ec9cf632.resize-by-browser-width .dt-css-grid .wf-cell,\n  .no-cssgridlegacy.no-cssgrid .blog-shortcode.blog-masonry-shortcode-id-35ae3dc5968d708834ab53a1ec9cf632.resize-by-browser-width .dt-css-grid .wf-cell {\n    width: 50%;\n  }\n  .cssgridlegacy.no-cssgrid .blog-shortcode.blog-masonry-shortcode-id-35ae3dc5968d708834ab53a1ec9cf632.resize-by-browser-width .dt-css-grid .wf-cell.double-width,\n  .no-cssgridlegacy.no-cssgrid .blog-shortcode.blog-masonry-shortcode-id-35ae3dc5968d708834ab53a1ec9cf632.resize-by-browser-width .dt-css-grid .wf-cell.double-width {\n    width: calc(50%)*2;\n  }\n}\n@media screen and (max-width: 767px) {\n  .blog-shortcode.blog-masonry-shortcode-id-35ae3dc5968d708834ab53a1ec9cf632.resize-by-browser-width .dt-css-grid {\n    grid-template-columns: repeat(1,1fr);\n  }\n  .blog-shortcode.blog-masonry-shortcode-id-35ae3dc5968d708834ab53a1ec9cf632.resize-by-browser-width .dt-css-grid .double-width {\n    grid-column: span 1;\n  }\n  .cssgridlegacy.no-cssgrid .blog-shortcode.blog-masonry-shortcode-id-35ae3dc5968d708834ab53a1ec9cf632.resize-by-browser-width .dt-css-grid .wf-cell,\n  .no-cssgridlegacy.no-cssgrid .blog-shortcode.blog-masonry-shortcode-id-35ae3dc5968d708834ab53a1ec9cf632.resize-by-browser-width .dt-css-grid .wf-cell {\n    width: 100%;\n  }\n  .cssgridlegacy.no-cssgrid .blog-shortcode.blog-masonry-shortcode-id-35ae3dc5968d708834ab53a1ec9cf632.resize-by-browser-width .dt-css-grid .wf-cell.double-width,\n  .no-cssgridlegacy.no-cssgrid .blog-shortcode.blog-masonry-shortcode-id-35ae3dc5968d708834ab53a1ec9cf632.resize-by-browser-width .dt-css-grid .wf-cell.double-width {\n    width: calc(100%)*2;\n  }\n}\n<\/style><div class=\"blog-shortcode blog-masonry-shortcode-id-35ae3dc5968d708834ab53a1ec9cf632 mode-grid classic-layout-list content-bg-on jquery-filter filter-align-left dt-css-grid-wrap enable-bg-rollover dt-icon-bg-off resize-by-browser-width loading-effect-none description-under-image \" data-padding=\"15px\" data-cur-page=\"1\" data-post-limit=\"8\" data-pagination-mode=\"pages\" data-desktop-columns-num=\"3\" data-v-tablet-columns-num=\"2\" data-h-tablet-columns-num=\"2\" data-phone-columns-num=\"1\" data-width=\"0px\" data-columns=\"0\"><div class=\"iso-filter css-grid-filter filter\"><div class=\"filter-categories\" data-default-order=\"desc\" data-default-orderby=\"date\"><a href=\"https:\/\/sunontop.com\/ca\/noticies\/?orderby=date&#038;order=desc\" class=\"show-all act\" data-filter=\"*\">View all<\/a><a href=\"https:\/\/sunontop.com\/ca\/noticies\/?term=56&#038;orderby=date&#038;order=desc\" class=\"direccio-dobres\" data-filter=\".category-56\">Direcci\u00f3 d'obres<\/a><a href=\"https:\/\/sunontop.com\/ca\/noticies\/?term=55&#038;orderby=date&#038;order=desc\" class=\"legalitzacions\" data-filter=\".category-55\">Legalitzacions<\/a><a href=\"https:\/\/sunontop.com\/ca\/noticies\/?term=54&#038;orderby=date&#038;order=desc\" class=\"projectes\" data-filter=\".category-54\">Projectes<\/a><a href=\"https:\/\/sunontop.com\/ca\/noticies\/?term=1&#038;orderby=date&#038;order=desc\" class=\"sin-categorizar\" data-filter=\".category-1\">Sin categorizar<\/a><\/div><div class=\"filter-extras\"><div class=\"filter-by\"><a href=\"https:\/\/sunontop.com\/ca\/noticies\/?orderby=date&#038;order=desc\" class=\"sort-by-date act\" data-by=\"date\"><svg version=\"1.1\" id=\"Layer_1\" xmlns=\"http:\/\/www.w3.org\/2000\/svg\" xmlns:xlink=\"http:\/\/www.w3.org\/1999\/xlink\" x=\"0px\" y=\"0px\" viewBox=\"0 0 16 16\" style=\"enable-background:new 0 0 16 16;\" xml:space=\"preserve\"><path d=\"M11,6.5C11,6.2,11.2,6,11.5,6h1C12.8,6,13,6.2,13,6.5v1C13,7.8,12.8,8,12.5,8h-1C11.2,8,11,7.8,11,7.5V6.5z M8,6.5C8,6.2,8.2,6,8.5,6h1C9.8,6,10,6.2,10,6.5v1C10,7.8,9.8,8,9.5,8h-1C8.2,8,8,7.8,8,7.5V6.5z M3,9.5C3,9.2,3.2,9,3.5,9h1C4.8,9,5,9.2,5,9.5v1C5,10.8,4.8,11,4.5,11h-1C3.2,11,3,10.8,3,10.5V9.5z M6,9.5C6,9.2,6.2,9,6.5,9h1C7.8,9,8,9.2,8,9.5v1C8,10.8,7.8,11,7.5,11h-1C6.2,11,6,10.8,6,10.5V9.5z\"\/><path d=\"M3.5,0C3.8,0,4,0.2,4,0.5V1h8V0.5C12,0.2,12.2,0,12.5,0S13,0.2,13,0.5V1h1c1.1,0,2,0.9,2,2v11c0,1.1-0.9,2-2,2H2c-1.1,0-2-0.9-2-2V3c0-1.1,0.9-2,2-2h1V0.5C3,0.2,3.2,0,3.5,0z M1,4v10c0,0.6,0.4,1,1,1h12c0.6,0,1-0.4,1-1V4H1z\"\/><\/svg><span class=\"filter-popup\">Sort by date<\/span><\/a><span class=\"filter-switch\"><\/span><a href=\"https:\/\/sunontop.com\/ca\/noticies\/?orderby=name&#038;order=desc\" class=\"sort-by-name\" data-by=\"name\"><svg version=\"1.1\" id=\"Layer_1\" xmlns=\"http:\/\/www.w3.org\/2000\/svg\" xmlns:xlink=\"http:\/\/www.w3.org\/1999\/xlink\" x=\"0px\" y=\"0px\" viewBox=\"0 0 16 16\" style=\"enable-background:new 0 0 16 16;\" xml:space=\"preserve\"><path d=\"M2.2,13.1l0.9-2.8h3.5l0.9,2.8h1.3L5.5,3.8H4.3L1,13.1H2.2z M4.9,5.2l1.4,4.2H3.5L4.9,5.2C4.9,5.2,4.9,5.2,4.9,5.2z\"\/><g><path d=\"M10,12.4l2.8-3.6c0.3-0.3,0.5-0.6,0.8-1v0h-3.3V6.9h4.7l0,0.7l-2.7,3.6c-0.3,0.3-0.5,0.6-0.8,1v0H15v0.9h-5V12.4z\"\/><\/g><\/svg><span class=\"filter-popup\">Sort by name<\/span><\/a><\/div><div class=\"filter-sorting\"><a href=\"https:\/\/sunontop.com\/ca\/noticies\/?orderby=date&#038;order=desc\" class=\"sort-by-desc act\" data-sort=\"desc\"><svg version=\"1.1\" id=\"Layer_1\" xmlns=\"http:\/\/www.w3.org\/2000\/svg\" xmlns:xlink=\"http:\/\/www.w3.org\/1999\/xlink\" x=\"0px\" y=\"0px\"viewBox=\"0 0 16 16\" style=\"enable-background:new 0 0 16 16;\" xml:space=\"preserve\"><path d=\"M3.5,2.5C3.5,2.2,3.3,2,3,2S2.5,2.2,2.5,2.5v8.8l-1.1-1.1c-0.2-0.2-0.5-0.2-0.7,0s-0.2,0.5,0,0.7l0,0l2,2l0,0c0.2,0.2,0.5,0.2,0.7,0l2-2c0.2-0.2,0.2-0.5,0-0.7c-0.2-0.2-0.5-0.2-0.7,0l-1.1,1.1V2.5z M7,3.5C7,3.2,7.2,3,7.5,3h7C14.8,3,15,3.2,15,3.5S14.8,4,14.5,4h-7C7.2,4,7,3.8,7,3.5z M7.5,6C7.2,6,7,6.2,7,6.5S7.2,7,7.5,7h5C12.8,7,13,6.8,13,6.5S12.8,6,12.5,6H7.5z M7.5,9C7.2,9,7,9.2,7,9.5S7.2,10,7.5,10h3c0.3,0,0.5-0.2,0.5-0.5S10.8,9,10.5,9H7.5z M7.5,12C7.2,12,7,12.2,7,12.5S7.2,13,7.5,13h1C8.8,13,9,12.8,9,12.5S8.8,12,8.5,12H7.5z\"\/><\/svg><span class=\"filter-popup\">Descending<\/span><\/a><span class=\"filter-switch\"><\/span><a href=\"https:\/\/sunontop.com\/ca\/noticies\/?orderby=date&#038;order=asc\" class=\"sort-by-asc\" data-sort=\"asc\"><svg version=\"1.1\" id=\"Layer_1\" xmlns=\"http:\/\/www.w3.org\/2000\/svg\" xmlns:xlink=\"http:\/\/www.w3.org\/1999\/xlink\" x=\"0px\" y=\"0px\" viewBox=\"0 0 16 16\" style=\"enable-background:new 0 0 16 16;\" xml:space=\"preserve\"><path d=\"M3.5,12.5C3.5,12.8,3.3,13,3,13s-0.5-0.2-0.5-0.5V3.7L1.4,4.9C1.2,5,0.8,5,0.6,4.9s-0.2-0.5,0-0.7l2-2l0,0C2.8,2,3.2,2,3.4,2.1l2,2c0.2,0.2,0.2,0.5,0,0.7S4.8,5,4.6,4.9L3.5,3.7V12.5z M7,3.5C7,3.2,7.2,3,7.5,3h7C14.8,3,15,3.2,15,3.5S14.8,4,14.5,4h-7C7.2,4,7,3.8,7,3.5z M7.5,6C7.2,6,7,6.2,7,6.5S7.2,7,7.5,7h5C12.8,7,13,6.8,13,6.5S12.8,6,12.5,6H7.5z M7.5,9C7.2,9,7,9.2,7,9.5S7.2,10,7.5,10h3c0.3,0,0.5-0.2,0.5-0.5S10.8,9,10.5,9H7.5z M7.5,12C7.2,12,7,12.2,7,12.5S7.2,13,7.5,13h1C8.8,13,9,12.8,9,12.5S8.8,12,8.5,12H7.5z\"\/><\/svg><span class=\"filter-popup\">Ascending<\/span><\/a><\/div><\/div><\/div><div class=\"dt-css-grid\" ><div class=\"visible wf-cell category-55 category-54\" data-post-id=\"3565\" data-date=\"2023-06-22T18:49:51+00:00\" data-name=\"Submergeix-te a la Setmana Europea de l&#039;Energia Sostenible i marca la difer\u00e8ncia cap a un futur m\u00e9s verd\"><article class=\"post project-odd visible post-3565 type-post status-publish format-standard has-post-thumbnail hentry category-legalitzacions category-projectes tag-ecologic tag-ecosostenible-ca tag-mobilitat-electrica tag-renovable-ca tag-sostenibilitat category-55 category-54\" data-name=\"Submergeix-te a la Setmana Europea de l&#8217;Energia Sostenible i marca la difer\u00e8ncia cap a un futur m\u00e9s verd\" data-date=\"2023-06-22T18:49:51+00:00\">\n\n<div class=\"post-thumbnail-wrap\">\n\t<div class=\"post-thumbnail\">\n\t\t\n\t\t\n\t\t<a href=\"https:\/\/sunontop.com\/ca\/2023\/06\/22\/submergeix-te-a-la-setmana-europea-de-lenergia-sostenible-i-marca-la-diferencia-cap-a-un-futur-mes-verd\/\" class=\"post-thumbnail-rollover layzr-bg layzr-bg\" ><img fetchpriority=\"high\" decoding=\"async\" class=\"iso-lazy-load preload-me iso-lazy-load aspect\" src=\"data:image\/svg+xml,%3Csvg%20xmlns%3D&#39;http%3A%2F%2Fwww.w3.org%2F2000%2Fsvg&#39;%20viewBox%3D&#39;0%200%20768%20576&#39;%2F%3E\" data-src=\"https:\/\/sunontop.com\/wp-content\/uploads\/2023\/06\/PHOTO-2023-06-22-17-36-14-768x576.jpg\" data-srcset=\"https:\/\/sunontop.com\/wp-content\/uploads\/2023\/06\/PHOTO-2023-06-22-17-36-14-768x576.jpg 768w, https:\/\/sunontop.com\/wp-content\/uploads\/2023\/06\/PHOTO-2023-06-22-17-36-14-1152x864.jpg 1152w\" loading=\"eager\" style=\"--ratio: 768 \/ 576\" sizes=\"(max-width: 768px) 100vw, 768px\" alt=\"\" title=\"PHOTO-2023-06-22-17-36-14\" width=\"768\" height=\"576\"  \/><span class=\"gallery-zoom-ico icomoon-the7-font-the7-plus-03\"><span><\/span><\/span><\/a>\t<\/div>\n<\/div>\n\n\n<div class=\"post-entry-content\">\n\n\t<h3 class=\"entry-title\">\n\t\t<a href=\"https:\/\/sunontop.com\/ca\/2023\/06\/22\/submergeix-te-a-la-setmana-europea-de-lenergia-sostenible-i-marca-la-diferencia-cap-a-un-futur-mes-verd\/\" title=\"Submergeix-te a la Setmana Europea de l&#8217;Energia Sostenible i marca la difer\u00e8ncia cap a un futur m\u00e9s verd\" rel=\"bookmark\">Submergeix-te a la Setmana Europea de l&#8217;Energia Sostenible i marca la difer\u00e8ncia cap a un futur m\u00e9s verd<\/a>\n\t<\/h3>\n\n\t<div class=\"entry-meta\"><span class=\"category-link\"><a href=\"https:\/\/sunontop.com\/ca\/category\/legalitzacions\/\" >Legalitzacions<\/a>, <a href=\"https:\/\/sunontop.com\/ca\/category\/projectes\/\" >Projectes<\/a><\/span><a href=\"https:\/\/sunontop.com\/ca\/2023\/06\/22\/\" title=\"18:49\" class=\"data-link\" rel=\"bookmark\"><time class=\"entry-date updated\" datetime=\"2023-06-22T18:49:51+00:00\">22 de juny de 2023<\/time><\/a><\/div>\n\t<div class=\"entry-excerpt\"><p>[vc_row][vc_column][vc_column_text] Celebrem junts la Setmana Europea de l&#8217;Energia Sostenible! \ud83d\udca1\ud83c\udf0d Aquest esdeveniment anual reuneix experts, l\u00edders i apassionats de l&#8217;energia sostenible de tot Europa per promoure la transici\u00f3 cap a un futur energ\u00e8tic m\u00e9s net i sostenible. Durant aquests dies emocionants, es duen a terme una \u00e0mplia varietat d&#8217;activitats i esdeveniments inspiradors que aborden els&hellip;<\/p>\n<\/div>\n\t\n<a href=\"https:\/\/sunontop.com\/ca\/2023\/06\/22\/submergeix-te-a-la-setmana-europea-de-lenergia-sostenible-i-marca-la-diferencia-cap-a-un-futur-mes-verd\/\" class=\"post-details details-type-link\" aria-label=\"Read more about Submergeix-te a la Setmana Europea de l&#8217;Energia Sostenible i marca la difer\u00e8ncia cap a un futur m\u00e9s verd\">M\u00e9s informaci\u00f3<i class=\"dt-icon-the7-arrow-03\" aria-hidden=\"true\"><\/i><\/a>\n\n<\/div><\/article><\/div><div class=\"visible wf-cell category-55 category-54\" data-post-id=\"3551\" data-date=\"2023-06-06T17:13:49+00:00\" data-name=\"Clinica Corachan i PACI Global uneixen forces per impulsar la sostenibilitat i l&#039;efici\u00e8ncia energ\u00e8tica\"><article class=\"post project-odd visible post-3551 type-post status-publish format-standard has-post-thumbnail hentry category-legalitzacions category-projectes tag-ecologic tag-ecosostenible-ca tag-mobilitat-electrica tag-renovable-ca tag-sostenibilitat category-55 category-54\" data-name=\"Clinica Corachan i PACI Global uneixen forces per impulsar la sostenibilitat i l&#8217;efici\u00e8ncia energ\u00e8tica\" data-date=\"2023-06-06T17:13:49+00:00\">\n\n<div class=\"post-thumbnail-wrap\">\n\t<div class=\"post-thumbnail\">\n\t\t\n\t\t\n\t\t<a href=\"https:\/\/sunontop.com\/ca\/2023\/06\/06\/clinica-corachan-i-paci-global-uneixen-forces-per-impulsar-la-sostenibilitat-i-leficiencia-energetica\/\" class=\"post-thumbnail-rollover layzr-bg layzr-bg\" ><img decoding=\"async\" class=\"iso-lazy-load preload-me iso-lazy-load aspect\" src=\"data:image\/svg+xml,%3Csvg%20xmlns%3D&#39;http%3A%2F%2Fwww.w3.org%2F2000%2Fsvg&#39;%20viewBox%3D&#39;0%200%20768%20576&#39;%2F%3E\" data-src=\"https:\/\/sunontop.com\/wp-content\/uploads\/2023\/06\/img_9799-scaled-768x576.jpg\" data-srcset=\"https:\/\/sunontop.com\/wp-content\/uploads\/2023\/06\/img_9799-scaled-768x576.jpg 768w, https:\/\/sunontop.com\/wp-content\/uploads\/2023\/06\/img_9799-scaled-1152x864.jpg 1152w\" loading=\"eager\" style=\"--ratio: 768 \/ 576\" sizes=\"(max-width: 768px) 100vw, 768px\" alt=\"\" title=\"img_9799\" width=\"768\" height=\"576\"  \/><span class=\"gallery-zoom-ico icomoon-the7-font-the7-plus-03\"><span><\/span><\/span><\/a>\t<\/div>\n<\/div>\n\n\n<div class=\"post-entry-content\">\n\n\t<h3 class=\"entry-title\">\n\t\t<a href=\"https:\/\/sunontop.com\/ca\/2023\/06\/06\/clinica-corachan-i-paci-global-uneixen-forces-per-impulsar-la-sostenibilitat-i-leficiencia-energetica\/\" title=\"Clinica Corachan i PACI Global uneixen forces per impulsar la sostenibilitat i l&#8217;efici\u00e8ncia energ\u00e8tica\" rel=\"bookmark\">Clinica Corachan i PACI Global uneixen forces per impulsar la sostenibilitat i l&#8217;efici\u00e8ncia energ\u00e8tica<\/a>\n\t<\/h3>\n\n\t<div class=\"entry-meta\"><span class=\"category-link\"><a href=\"https:\/\/sunontop.com\/ca\/category\/legalitzacions\/\" >Legalitzacions<\/a>, <a href=\"https:\/\/sunontop.com\/ca\/category\/projectes\/\" >Projectes<\/a><\/span><a href=\"https:\/\/sunontop.com\/ca\/2023\/06\/06\/\" title=\"17:13\" class=\"data-link\" rel=\"bookmark\"><time class=\"entry-date updated\" datetime=\"2023-06-06T17:13:49+00:00\">6 de juny de 2023<\/time><\/a><\/div>\n\t<div class=\"entry-excerpt\"><p>[vc_row][vc_column][vc_column_text] A PACI Global, ens enorgulleix col\u00b7laborar amb la Cl\u00ednica Corachan en la implementaci\u00f3 de mesures sostenibles i la lluita contra el canvi clim\u00e0tic. La nostra associaci\u00f3 estrat\u00e8gica t\u00e9 com a objectiu impulsar un model energ\u00e8tic m\u00e9s sostenible i responsable del medi ambient. Per aconseguir-ho, hem dut a terme la instal\u00b7laci\u00f3 de panells solars fotovoltaics&hellip;<\/p>\n<\/div>\n\t\n<a href=\"https:\/\/sunontop.com\/ca\/2023\/06\/06\/clinica-corachan-i-paci-global-uneixen-forces-per-impulsar-la-sostenibilitat-i-leficiencia-energetica\/\" class=\"post-details details-type-link\" aria-label=\"Read more about Clinica Corachan i PACI Global uneixen forces per impulsar la sostenibilitat i l&#8217;efici\u00e8ncia energ\u00e8tica\">M\u00e9s informaci\u00f3<i class=\"dt-icon-the7-arrow-03\" aria-hidden=\"true\"><\/i><\/a>\n\n<\/div><\/article><\/div><div class=\"visible wf-cell category-55\" data-post-id=\"3510\" data-date=\"2023-05-11T19:13:33+00:00\" data-name=\"Com desgravar la teva instal\u00b7laci\u00f3 fotovoltaica a la declaraci\u00f3 de la renda\"><article class=\"post project-odd visible post-3510 type-post status-publish format-standard has-post-thumbnail hentry category-legalitzacions tag-ecologic tag-ecosostenible-ca tag-mobilitat-electrica tag-renovable-ca tag-sostenibilitat category-55\" data-name=\"Com desgravar la teva instal\u00b7laci\u00f3 fotovoltaica a la declaraci\u00f3 de la renda\" data-date=\"2023-05-11T19:13:33+00:00\">\n\n<div class=\"post-thumbnail-wrap\">\n\t<div class=\"post-thumbnail\">\n\t\t\n\t\t\n\t\t<a href=\"https:\/\/sunontop.com\/ca\/2023\/05\/11\/com-desgravar-la-teva-instal%c2%b7lacio-fotovoltaica-a-la-declaracio-de-la-renda\/\" class=\"post-thumbnail-rollover layzr-bg layzr-bg\" ><img decoding=\"async\" class=\"iso-lazy-load preload-me iso-lazy-load aspect\" src=\"data:image\/svg+xml,%3Csvg%20xmlns%3D&#39;http%3A%2F%2Fwww.w3.org%2F2000%2Fsvg&#39;%20viewBox%3D&#39;0%200%20768%20576&#39;%2F%3E\" data-src=\"https:\/\/sunontop.com\/wp-content\/uploads\/2023\/05\/IMG_1530-2-1-768x576.jpg\" data-srcset=\"https:\/\/sunontop.com\/wp-content\/uploads\/2023\/05\/IMG_1530-2-1-768x576.jpg 768w, https:\/\/sunontop.com\/wp-content\/uploads\/2023\/05\/IMG_1530-2-1-1112x834.jpg 1112w\" loading=\"eager\" style=\"--ratio: 768 \/ 576\" sizes=\"(max-width: 768px) 100vw, 768px\" alt=\"\" title=\"IMG_1530-2\" width=\"768\" height=\"576\"  \/><span class=\"gallery-zoom-ico icomoon-the7-font-the7-plus-03\"><span><\/span><\/span><\/a>\t<\/div>\n<\/div>\n\n\n<div class=\"post-entry-content\">\n\n\t<h3 class=\"entry-title\">\n\t\t<a href=\"https:\/\/sunontop.com\/ca\/2023\/05\/11\/com-desgravar-la-teva-instal%c2%b7lacio-fotovoltaica-a-la-declaracio-de-la-renda\/\" title=\"Com desgravar la teva instal\u00b7laci\u00f3 fotovoltaica a la declaraci\u00f3 de la renda\" rel=\"bookmark\">Com desgravar la teva instal\u00b7laci\u00f3 fotovoltaica a la declaraci\u00f3 de la renda<\/a>\n\t<\/h3>\n\n\t<div class=\"entry-meta\"><span class=\"category-link\"><a href=\"https:\/\/sunontop.com\/ca\/category\/legalitzacions\/\" >Legalitzacions<\/a><\/span><a href=\"https:\/\/sunontop.com\/ca\/2023\/05\/11\/\" title=\"19:13\" class=\"data-link\" rel=\"bookmark\"><time class=\"entry-date updated\" datetime=\"2023-05-11T19:13:33+00:00\">11 de maig de 2023<\/time><\/a><\/div>\n\t<div class=\"entry-excerpt\"><p>[vc_row][vc_column][vc_column_text] Saps com desgravar la teva instal\u00b7laci\u00f3 fotovoltaica a la declaraci\u00f3 de la renda?&#8230;Descobreix com aprofitar els avantatges fiscals de tenir una instal\u00b7laci\u00f3 fotovoltaica a casa teva i desgravar a la teva Declaraci\u00f3 de la renda. T&#8217;expliquem i assessorem en tot all\u00f2 que necessites saber per beneficiar-te d&#8217;aquesta mesura i estalviar en els teus impostos&#8230;Estem&hellip;<\/p>\n<\/div>\n\t\n<a href=\"https:\/\/sunontop.com\/ca\/2023\/05\/11\/com-desgravar-la-teva-instal%c2%b7lacio-fotovoltaica-a-la-declaracio-de-la-renda\/\" class=\"post-details details-type-link\" aria-label=\"Read more about Com desgravar la teva instal\u00b7laci\u00f3 fotovoltaica a la declaraci\u00f3 de la renda\">M\u00e9s informaci\u00f3<i class=\"dt-icon-the7-arrow-03\" aria-hidden=\"true\"><\/i><\/a>\n\n<\/div><\/article><\/div><div class=\"visible wf-cell category-54\" data-post-id=\"3493\" data-date=\"2023-04-13T17:59:19+00:00\" data-name=\"Instal\u00b7laci\u00f3 d&#039;autoconsum fotovoltaica de 3,95 kWp a Cerdanyola\"><article class=\"post project-odd visible post-3493 type-post status-publish format-standard has-post-thumbnail hentry category-projectes category-54\" data-name=\"Instal\u00b7laci\u00f3 d&#8217;autoconsum fotovoltaica de 3,95 kWp a Cerdanyola\" data-date=\"2023-04-13T17:59:19+00:00\">\n\n<div class=\"post-thumbnail-wrap\">\n\t<div class=\"post-thumbnail\">\n\t\t\n\t\t\n\t\t<a href=\"https:\/\/sunontop.com\/ca\/2023\/04\/13\/instal%c2%b7lacio-dautoconsum-fotovoltaica-de-395-kwp-a-cerdanyola-2\/\" class=\"post-thumbnail-rollover layzr-bg layzr-bg\" ><img decoding=\"async\" class=\"iso-lazy-load preload-me iso-lazy-load aspect\" src=\"data:image\/svg+xml,%3Csvg%20xmlns%3D&#39;http%3A%2F%2Fwww.w3.org%2F2000%2Fsvg&#39;%20viewBox%3D&#39;0%200%20768%20576&#39;%2F%3E\" data-src=\"https:\/\/sunontop.com\/wp-content\/uploads\/2023\/04\/2023-04-13_Img1-768x576.jpg\" data-srcset=\"https:\/\/sunontop.com\/wp-content\/uploads\/2023\/04\/2023-04-13_Img1-768x576.jpg 768w, https:\/\/sunontop.com\/wp-content\/uploads\/2023\/04\/2023-04-13_Img1-1152x864.jpg 1152w\" loading=\"eager\" style=\"--ratio: 768 \/ 576\" sizes=\"(max-width: 768px) 100vw, 768px\" alt=\"\" title=\"2023-04-13_Img1\" width=\"768\" height=\"576\"  \/><span class=\"gallery-zoom-ico icomoon-the7-font-the7-plus-03\"><span><\/span><\/span><\/a>\t<\/div>\n<\/div>\n\n\n<div class=\"post-entry-content\">\n\n\t<h3 class=\"entry-title\">\n\t\t<a href=\"https:\/\/sunontop.com\/ca\/2023\/04\/13\/instal%c2%b7lacio-dautoconsum-fotovoltaica-de-395-kwp-a-cerdanyola-2\/\" title=\"Instal\u00b7laci\u00f3 d&#8217;autoconsum fotovoltaica de 3,95 kWp a Cerdanyola\" rel=\"bookmark\">Instal\u00b7laci\u00f3 d&#8217;autoconsum fotovoltaica de 3,95 kWp a Cerdanyola<\/a>\n\t<\/h3>\n\n\t<div class=\"entry-meta\"><span class=\"category-link\"><a href=\"https:\/\/sunontop.com\/ca\/category\/projectes\/\" >Projectes<\/a><\/span><a href=\"https:\/\/sunontop.com\/ca\/2023\/04\/13\/\" title=\"17:59\" class=\"data-link\" rel=\"bookmark\"><time class=\"entry-date updated\" datetime=\"2023-04-13T17:59:19+00:00\">13 d&#039;abril de 2023<\/time><\/a><\/div>\n\t<div class=\"entry-excerpt\"><p>La instal\u00b7laci\u00f3 d\u00b4una planta solar fotovoltaica de 3,56 kWp amb 5 kWh d\u00b4emmagatzematge amb bateries a Olot \u00e9s un gran exemple de com PACI Global est\u00e0 compromesa amb la transici\u00f3 energ\u00e8tica sostenible. Aquest projecte ha perm\u00e8s a una fam\u00edlia a Olot gaudir de la seva pr\u00f2pia energia solar, cosa que no nom\u00e9s contribueix a reduir&hellip;<\/p>\n<\/div>\n\t\n<a href=\"https:\/\/sunontop.com\/ca\/2023\/04\/13\/instal%c2%b7lacio-dautoconsum-fotovoltaica-de-395-kwp-a-cerdanyola-2\/\" class=\"post-details details-type-link\" aria-label=\"Read more about Instal\u00b7laci\u00f3 d&#8217;autoconsum fotovoltaica de 3,95 kWp a Cerdanyola\">M\u00e9s informaci\u00f3<i class=\"dt-icon-the7-arrow-03\" aria-hidden=\"true\"><\/i><\/a>\n\n<\/div><\/article><\/div><div class=\"visible wf-cell category-54\" data-post-id=\"3482\" data-date=\"2023-03-23T21:00:46+00:00\" data-name=\"Instal\u00b7laci\u00f3 d&#039;autoconsum fotovoltaica de 3,95 kWp a Cerdanyola\"><article class=\"post project-odd visible post-3482 type-post status-publish format-standard has-post-thumbnail hentry category-projectes category-54\" data-name=\"Instal\u00b7laci\u00f3 d&#8217;autoconsum fotovoltaica de 3,95 kWp a Cerdanyola\" data-date=\"2023-03-23T21:00:46+00:00\">\n\n<div class=\"post-thumbnail-wrap\">\n\t<div class=\"post-thumbnail\">\n\t\t\n\t\t\n\t\t<a href=\"https:\/\/sunontop.com\/ca\/2023\/03\/23\/instal%c2%b7lacio-dautoconsum-fotovoltaica-de-395-kwp-a-cerdanyola\/\" class=\"post-thumbnail-rollover layzr-bg layzr-bg\" ><img decoding=\"async\" class=\"iso-lazy-load preload-me iso-lazy-load aspect\" src=\"data:image\/svg+xml,%3Csvg%20xmlns%3D&#39;http%3A%2F%2Fwww.w3.org%2F2000%2Fsvg&#39;%20viewBox%3D&#39;0%200%20768%20576&#39;%2F%3E\" data-src=\"https:\/\/sunontop.com\/wp-content\/uploads\/2023\/03\/20223-03-23_Cerdanyola_-768x576.jpeg\" data-srcset=\"https:\/\/sunontop.com\/wp-content\/uploads\/2023\/03\/20223-03-23_Cerdanyola_-768x576.jpeg 768w, https:\/\/sunontop.com\/wp-content\/uploads\/2023\/03\/20223-03-23_Cerdanyola_-827x620.jpeg 827w\" loading=\"eager\" style=\"--ratio: 768 \/ 576\" sizes=\"(max-width: 768px) 100vw, 768px\" alt=\"\" title=\"20223-03-23_Cerdanyola_\" width=\"768\" height=\"576\"  \/><span class=\"gallery-zoom-ico icomoon-the7-font-the7-plus-03\"><span><\/span><\/span><\/a>\t<\/div>\n<\/div>\n\n\n<div class=\"post-entry-content\">\n\n\t<h3 class=\"entry-title\">\n\t\t<a href=\"https:\/\/sunontop.com\/ca\/2023\/03\/23\/instal%c2%b7lacio-dautoconsum-fotovoltaica-de-395-kwp-a-cerdanyola\/\" title=\"Instal\u00b7laci\u00f3 d&#8217;autoconsum fotovoltaica de 3,95 kWp a Cerdanyola\" rel=\"bookmark\">Instal\u00b7laci\u00f3 d&#8217;autoconsum fotovoltaica de 3,95 kWp a Cerdanyola<\/a>\n\t<\/h3>\n\n\t<div class=\"entry-meta\"><span class=\"category-link\"><a href=\"https:\/\/sunontop.com\/ca\/category\/projectes\/\" >Projectes<\/a><\/span><a href=\"https:\/\/sunontop.com\/ca\/2023\/03\/23\/\" title=\"21:00\" class=\"data-link\" rel=\"bookmark\"><time class=\"entry-date updated\" datetime=\"2023-03-23T21:00:46+00:00\">23 de mar\u00e7 de 2023<\/time><\/a><\/div>\n\t<div class=\"entry-excerpt\"><p>PACI Global ha finalitzat recentment una nova instal\u00b7laci\u00f3 fotovoltaica per a autoconsum a la localitat de Cerdanyola, Espanya. La instal\u00b7laci\u00f3 compta amb una capacitat de generaci\u00f3 d&#8217;energia de 3,95 kWp i s&#8217;ha dut a terme amb panells Full Black i un inversor monof\u00e0sic Huawei, instal\u00b7lats de manera coplanar per garantir una est\u00e8tica elegant i discreta.&hellip;<\/p>\n<\/div>\n\t\n<a href=\"https:\/\/sunontop.com\/ca\/2023\/03\/23\/instal%c2%b7lacio-dautoconsum-fotovoltaica-de-395-kwp-a-cerdanyola\/\" class=\"post-details details-type-link\" aria-label=\"Read more about Instal\u00b7laci\u00f3 d&#8217;autoconsum fotovoltaica de 3,95 kWp a Cerdanyola\">M\u00e9s informaci\u00f3<i class=\"dt-icon-the7-arrow-03\" aria-hidden=\"true\"><\/i><\/a>\n\n<\/div><\/article><\/div><div class=\"visible wf-cell category-1\" data-post-id=\"3537\" data-date=\"2023-01-31T20:06:49+00:00\" data-name=\"Culminat amb \u00e8xit una nova instal\u00b7laci\u00f3 fotovoltaica per a autoconsum a Alella amb panells full black d&#039;alta efici\u00e8ncia i bateria incorporada\"><article class=\"post project-odd visible post-3537 type-post status-publish format-standard has-post-thumbnail hentry category-sin-categorizar category-1\" data-name=\"Culminat amb \u00e8xit una nova instal\u00b7laci\u00f3 fotovoltaica per a autoconsum a Alella amb panells full black d&#8217;alta efici\u00e8ncia i bateria incorporada\" data-date=\"2023-01-31T20:06:49+00:00\">\n\n<div class=\"post-thumbnail-wrap\">\n\t<div class=\"post-thumbnail\">\n\t\t\n\t\t\n\t\t<a href=\"https:\/\/sunontop.com\/ca\/2023\/01\/31\/culminat-amb-exit-una-nova-instal%c2%b7lacio-fotovoltaica-per-a-autoconsum-a-alella-amb-panells-full-black-dalta-eficiencia-i-bateria-incorporada\/\" class=\"post-thumbnail-rollover layzr-bg layzr-bg\" ><img decoding=\"async\" class=\"iso-lazy-load preload-me iso-lazy-load aspect\" src=\"data:image\/svg+xml,%3Csvg%20xmlns%3D&#39;http%3A%2F%2Fwww.w3.org%2F2000%2Fsvg&#39;%20viewBox%3D&#39;0%200%20768%20576&#39;%2F%3E\" data-src=\"https:\/\/sunontop.com\/wp-content\/uploads\/2023\/05\/50e31556-b449-46b0-8bc3-cd26ecd00aaf-768x576.jpg\" data-srcset=\"https:\/\/sunontop.com\/wp-content\/uploads\/2023\/05\/50e31556-b449-46b0-8bc3-cd26ecd00aaf-768x576.jpg 768w, https:\/\/sunontop.com\/wp-content\/uploads\/2023\/05\/50e31556-b449-46b0-8bc3-cd26ecd00aaf-900x675.jpg 900w\" loading=\"eager\" style=\"--ratio: 768 \/ 576\" sizes=\"(max-width: 768px) 100vw, 768px\" alt=\"\"  width=\"768\" height=\"576\"  \/><span class=\"gallery-zoom-ico icomoon-the7-font-the7-plus-03\"><span><\/span><\/span><\/a>\t<\/div>\n<\/div>\n\n\n<div class=\"post-entry-content\">\n\n\t<h3 class=\"entry-title\">\n\t\t<a href=\"https:\/\/sunontop.com\/ca\/2023\/01\/31\/culminat-amb-exit-una-nova-instal%c2%b7lacio-fotovoltaica-per-a-autoconsum-a-alella-amb-panells-full-black-dalta-eficiencia-i-bateria-incorporada\/\" title=\"Culminat amb \u00e8xit una nova instal\u00b7laci\u00f3 fotovoltaica per a autoconsum a Alella amb panells full black d&#8217;alta efici\u00e8ncia i bateria incorporada\" rel=\"bookmark\">Culminat amb \u00e8xit una nova instal\u00b7laci\u00f3 fotovoltaica per a autoconsum a Alella amb panells full black d&#8217;alta efici\u00e8ncia i bateria incorporada<\/a>\n\t<\/h3>\n\n\t<div class=\"entry-meta\"><span class=\"category-link\"><a href=\"https:\/\/sunontop.com\/ca\/category\/sin-categorizar\/\" >Sin categorizar<\/a><\/span><a href=\"https:\/\/sunontop.com\/ca\/2023\/01\/31\/\" title=\"20:06\" class=\"data-link\" rel=\"bookmark\"><time class=\"entry-date updated\" datetime=\"2023-01-31T20:06:49+00:00\">31 de gener de 2023<\/time><\/a><\/div>\n\t<div class=\"entry-excerpt\"><p>PACI Global ha finalitzat recentment una impressionant instal\u00b7laci\u00f3 fotovoltaica per a autoconsum a Alella que compta amb una capacitat de 4,44 kWp i panells solars full black d&#8217;alta efici\u00e8ncia. La instal\u00b7laci\u00f3 de panells fotovoltaics full black \u00e9s un element clau en aquesta nova instal\u00b7laci\u00f3 d&#8217;autoconsum, ja que permeten una efici\u00e8ncia energ\u00e8tica m\u00e9s gran en absorbir&hellip;<\/p>\n<\/div>\n\t\n<a href=\"https:\/\/sunontop.com\/ca\/2023\/01\/31\/culminat-amb-exit-una-nova-instal%c2%b7lacio-fotovoltaica-per-a-autoconsum-a-alella-amb-panells-full-black-dalta-eficiencia-i-bateria-incorporada\/\" class=\"post-details details-type-link\" aria-label=\"Read more about Culminat amb \u00e8xit una nova instal\u00b7laci\u00f3 fotovoltaica per a autoconsum a Alella amb panells full black d&#8217;alta efici\u00e8ncia i bateria incorporada\">M\u00e9s informaci\u00f3<i class=\"dt-icon-the7-arrow-03\" aria-hidden=\"true\"><\/i><\/a>\n\n<\/div><\/article><\/div><div class=\"visible wf-cell category-55 category-54\" data-post-id=\"3321\" data-date=\"2022-06-23T09:35:59+00:00\" data-name=\"Instal\u00b7laci\u00f3 i legalitzaci\u00f3 d&#039;infraestructura de rec\u00e0rrega per a vehicles el\u00e8ctrics a Barcelona\"><article class=\"post project-odd visible post-3321 type-post status-publish format-standard has-post-thumbnail hentry category-legalitzacions category-projectes tag-ecologic tag-ecosostenible-ca tag-mobilitat-electrica tag-renovable-ca tag-sostenibilitat category-55 category-54\" data-name=\"Instal\u00b7laci\u00f3 i legalitzaci\u00f3 d&#8217;infraestructura de rec\u00e0rrega per a vehicles el\u00e8ctrics a Barcelona\" data-date=\"2022-06-23T09:35:59+00:00\">\n\n<div class=\"post-thumbnail-wrap\">\n\t<div class=\"post-thumbnail\">\n\t\t\n\t\t\n\t\t<a href=\"https:\/\/sunontop.com\/ca\/2022\/06\/23\/instal%c2%b7lacio-i-legalitzacio-dinfraestructura-de-recarrega-per-a-vehicles-electrics-a-barcelona\/\" class=\"post-thumbnail-rollover layzr-bg layzr-bg\" ><img decoding=\"async\" class=\"iso-lazy-load preload-me iso-lazy-load aspect\" src=\"data:image\/svg+xml,%3Csvg%20xmlns%3D&#39;http%3A%2F%2Fwww.w3.org%2F2000%2Fsvg&#39;%20viewBox%3D&#39;0%200%20768%20576&#39;%2F%3E\" data-src=\"https:\/\/sunontop.com\/wp-content\/uploads\/2022\/11\/86829abf-3803-457a-95dc-2dd6db38c136-1-768x576.jpg\" data-srcset=\"https:\/\/sunontop.com\/wp-content\/uploads\/2022\/11\/86829abf-3803-457a-95dc-2dd6db38c136-1-768x576.jpg 768w, https:\/\/sunontop.com\/wp-content\/uploads\/2022\/11\/86829abf-3803-457a-95dc-2dd6db38c136-1-1122x841.jpg 1122w\" loading=\"eager\" style=\"--ratio: 768 \/ 576\" sizes=\"(max-width: 768px) 100vw, 768px\" alt=\"\" title=\"86829abf-3803-457a-95dc-2dd6db38c136\" width=\"768\" height=\"576\"  \/><span class=\"gallery-zoom-ico icomoon-the7-font-the7-plus-03\"><span><\/span><\/span><\/a>\t<\/div>\n<\/div>\n\n\n<div class=\"post-entry-content\">\n\n\t<h3 class=\"entry-title\">\n\t\t<a href=\"https:\/\/sunontop.com\/ca\/2022\/06\/23\/instal%c2%b7lacio-i-legalitzacio-dinfraestructura-de-recarrega-per-a-vehicles-electrics-a-barcelona\/\" title=\"Instal\u00b7laci\u00f3 i legalitzaci\u00f3 d&#8217;infraestructura de rec\u00e0rrega per a vehicles el\u00e8ctrics a Barcelona\" rel=\"bookmark\">Instal\u00b7laci\u00f3 i legalitzaci\u00f3 d&#8217;infraestructura de rec\u00e0rrega per a vehicles el\u00e8ctrics a Barcelona<\/a>\n\t<\/h3>\n\n\t<div class=\"entry-meta\"><span class=\"category-link\"><a href=\"https:\/\/sunontop.com\/ca\/category\/legalitzacions\/\" >Legalitzacions<\/a>, <a href=\"https:\/\/sunontop.com\/ca\/category\/projectes\/\" >Projectes<\/a><\/span><a href=\"https:\/\/sunontop.com\/ca\/2022\/06\/23\/\" title=\"09:35\" class=\"data-link\" rel=\"bookmark\"><time class=\"entry-date updated\" datetime=\"2022-06-23T09:35:59+00:00\">23 de juny de 2022<\/time><\/a><\/div>\n\t<div class=\"entry-excerpt\"><p>[vc_row][vc_column][vc_column_text] L&#8217;any 2022 s&#8217;ha dut a terme un projecte d&#8217;instal\u00b7laci\u00f3 i legalitzaci\u00f3 d&#8217;infraestructura de rec\u00e0rrega per a vehicles el\u00e8ctrics a la localitat de La Sagrera a Barcelona (Catalunya, Espanya) per a un client particular. &nbsp; L&#8217;objectiu principal del projecte va ser proporcionar al client una soluci\u00f3 de c\u00e0rrega segura i fiable per al vehicle el\u00e8ctric.&hellip;<\/p>\n<\/div>\n\t\n<a href=\"https:\/\/sunontop.com\/ca\/2022\/06\/23\/instal%c2%b7lacio-i-legalitzacio-dinfraestructura-de-recarrega-per-a-vehicles-electrics-a-barcelona\/\" class=\"post-details details-type-link\" aria-label=\"Read more about Instal\u00b7laci\u00f3 i legalitzaci\u00f3 d&#8217;infraestructura de rec\u00e0rrega per a vehicles el\u00e8ctrics a Barcelona\">M\u00e9s informaci\u00f3<i class=\"dt-icon-the7-arrow-03\" aria-hidden=\"true\"><\/i><\/a>\n\n<\/div><\/article><\/div><div class=\"visible wf-cell category-54\" data-post-id=\"3324\" data-date=\"2022-05-26T09:48:30+00:00\" data-name=\"Instal\u00b7laci\u00f3 d&#039;autoconsum fotovoltaica de 5,5 kWp monof\u00e0sics amb excedents\"><article class=\"post project-odd visible post-3324 type-post status-publish format-standard has-post-thumbnail hentry category-projectes tag-autoconsum tag-installacio-fotovoltaica tag-plaques-fotovoltaiques category-54\" data-name=\"Instal\u00b7laci\u00f3 d&#8217;autoconsum fotovoltaica de 5,5 kWp monof\u00e0sics amb excedents\" data-date=\"2022-05-26T09:48:30+00:00\">\n\n<div class=\"post-thumbnail-wrap\">\n\t<div class=\"post-thumbnail\">\n\t\t\n\t\t\n\t\t<a href=\"https:\/\/sunontop.com\/ca\/2022\/05\/26\/instal%c2%b7lacio-dautoconsum-fotovoltaica-de-55-kwh-monofasics-amb-excedents\/\" class=\"post-thumbnail-rollover layzr-bg layzr-bg\" ><img decoding=\"async\" class=\"iso-lazy-load preload-me iso-lazy-load aspect\" src=\"data:image\/svg+xml,%3Csvg%20xmlns%3D&#39;http%3A%2F%2Fwww.w3.org%2F2000%2Fsvg&#39;%20viewBox%3D&#39;0%200%20768%20576&#39;%2F%3E\" data-src=\"https:\/\/sunontop.com\/wp-content\/uploads\/2022\/11\/b2b455f7-d9d8-4d51-9be8-262f6edec354-768x576.jpg\" data-srcset=\"https:\/\/sunontop.com\/wp-content\/uploads\/2022\/11\/b2b455f7-d9d8-4d51-9be8-262f6edec354-768x576.jpg 768w, https:\/\/sunontop.com\/wp-content\/uploads\/2022\/11\/b2b455f7-d9d8-4d51-9be8-262f6edec354-900x675.jpg 900w\" loading=\"eager\" style=\"--ratio: 768 \/ 576\" sizes=\"(max-width: 768px) 100vw, 768px\" alt=\"\" title=\"b2b455f7-d9d8-4d51-9be8-262f6edec354\" width=\"768\" height=\"576\"  \/><span class=\"gallery-zoom-ico icomoon-the7-font-the7-plus-03\"><span><\/span><\/span><\/a>\t<\/div>\n<\/div>\n\n\n<div class=\"post-entry-content\">\n\n\t<h3 class=\"entry-title\">\n\t\t<a href=\"https:\/\/sunontop.com\/ca\/2022\/05\/26\/instal%c2%b7lacio-dautoconsum-fotovoltaica-de-55-kwh-monofasics-amb-excedents\/\" title=\"Instal\u00b7laci\u00f3 d&#8217;autoconsum fotovoltaica de 5,5 kWp monof\u00e0sics amb excedents\" rel=\"bookmark\">Instal\u00b7laci\u00f3 d&#8217;autoconsum fotovoltaica de 5,5 kWp monof\u00e0sics amb excedents<\/a>\n\t<\/h3>\n\n\t<div class=\"entry-meta\"><span class=\"category-link\"><a href=\"https:\/\/sunontop.com\/ca\/category\/projectes\/\" >Projectes<\/a><\/span><a href=\"https:\/\/sunontop.com\/ca\/2022\/05\/26\/\" title=\"09:48\" class=\"data-link\" rel=\"bookmark\"><time class=\"entry-date updated\" datetime=\"2022-05-26T09:48:30+00:00\">26 de maig de 2022<\/time><\/a><\/div>\n\t<div class=\"entry-excerpt\"><p>L&#8217;any 2022 hem dut a terme un projecte d&#8217;instal\u00b7laci\u00f3 d&#8217;autoconsum fotovoltaic amb excedents de 5,5 kWp per a un client privat a la localitat d&#8217;Alt Empord\u00e0 a Espanya. L&#8217;objectiu principal del projecte va ser proporcionar al client una soluci\u00f3 d&#8217;energia renovable que li permet\u00e9s estalviar a la factura d&#8217;electricitat i contribuir a la cura del&hellip;<\/p>\n<\/div>\n\t\n<a href=\"https:\/\/sunontop.com\/ca\/2022\/05\/26\/instal%c2%b7lacio-dautoconsum-fotovoltaica-de-55-kwh-monofasics-amb-excedents\/\" class=\"post-details details-type-link\" aria-label=\"Read more about Instal\u00b7laci\u00f3 d&#8217;autoconsum fotovoltaica de 5,5 kWp monof\u00e0sics amb excedents\">M\u00e9s informaci\u00f3<i class=\"dt-icon-the7-arrow-03\" aria-hidden=\"true\"><\/i><\/a>\n\n<\/div><\/article><\/div><div class=\"hidden wf-cell category-54\" data-post-id=\"3323\" data-date=\"2021-10-20T09:50:16+00:00\" data-name=\"Instal\u00b7laci\u00f3 d&#039;autoconsum fotovoltaica de 8 kWp trif\u00e0sics amb excedents\"><article class=\"post project-odd visible post-3323 type-post status-publish format-standard has-post-thumbnail hentry category-projectes tag-autoconsum tag-installacio-fotovoltaica tag-plaques-fotovoltaiques category-54\" data-name=\"Instal\u00b7laci\u00f3 d&#8217;autoconsum fotovoltaica de 8 kWp trif\u00e0sics amb excedents\" data-date=\"2021-10-20T09:50:16+00:00\">\n\n<div class=\"post-thumbnail-wrap\">\n\t<div class=\"post-thumbnail\">\n\t\t\n\t\t\n\t\t<a href=\"https:\/\/sunontop.com\/ca\/2021\/10\/20\/instal%c2%b7lacio-dautoconsum-fotovoltaica-de-8-kw-trifasics-amb-excedents\/\" class=\"post-thumbnail-rollover layzr-bg layzr-bg\" ><img decoding=\"async\" class=\"iso-lazy-load preload-me iso-lazy-load aspect\" src=\"data:image\/svg+xml,%3Csvg%20xmlns%3D&#39;http%3A%2F%2Fwww.w3.org%2F2000%2Fsvg&#39;%20viewBox%3D&#39;0%200%20768%20576&#39;%2F%3E\" data-src=\"https:\/\/sunontop.com\/wp-content\/uploads\/2022\/11\/IMG_20211014_122023-scaled-1-768x576.jpg\" data-srcset=\"https:\/\/sunontop.com\/wp-content\/uploads\/2022\/11\/IMG_20211014_122023-scaled-1-768x576.jpg 768w, https:\/\/sunontop.com\/wp-content\/uploads\/2022\/11\/IMG_20211014_122023-scaled-1-1152x864.jpg 1152w\" loading=\"eager\" style=\"--ratio: 768 \/ 576\" sizes=\"(max-width: 768px) 100vw, 768px\" alt=\"\" title=\"IMG_20211014_122023-scaled\" width=\"768\" height=\"576\"  \/><span class=\"gallery-zoom-ico icomoon-the7-font-the7-plus-03\"><span><\/span><\/span><\/a>\t<\/div>\n<\/div>\n\n\n<div class=\"post-entry-content\">\n\n\t<h3 class=\"entry-title\">\n\t\t<a href=\"https:\/\/sunontop.com\/ca\/2021\/10\/20\/instal%c2%b7lacio-dautoconsum-fotovoltaica-de-8-kw-trifasics-amb-excedents\/\" title=\"Instal\u00b7laci\u00f3 d&#8217;autoconsum fotovoltaica de 8 kWp trif\u00e0sics amb excedents\" rel=\"bookmark\">Instal\u00b7laci\u00f3 d&#8217;autoconsum fotovoltaica de 8 kWp trif\u00e0sics amb excedents<\/a>\n\t<\/h3>\n\n\t<div class=\"entry-meta\"><span class=\"category-link\"><a href=\"https:\/\/sunontop.com\/ca\/category\/projectes\/\" >Projectes<\/a><\/span><a href=\"https:\/\/sunontop.com\/ca\/2021\/10\/20\/\" title=\"09:50\" class=\"data-link\" rel=\"bookmark\"><time class=\"entry-date updated\" datetime=\"2021-10-20T09:50:16+00:00\">20 d&#039;octubre de 2021<\/time><\/a><\/div>\n\t<div class=\"entry-excerpt\"><p>El 2021 vam instal\u00b7lar un sistema d&#8217;autoconsum fotovoltaic a la ciutat de Granollers a Espanya, per a Promocions Immobili\u00e0ries Estap\u00e9. La instal\u00b7laci\u00f3 va comptar amb una capacitat de 8 kWp, cosa que significa que pot generar fins a 8.000 watts d&#8217;energia per hora. &nbsp; Per a aquesta instal\u00b7laci\u00f3, es van utilitzar panells solars d&#8217;alta efici\u00e8ncia&hellip;<\/p>\n<\/div>\n\t\n<a href=\"https:\/\/sunontop.com\/ca\/2021\/10\/20\/instal%c2%b7lacio-dautoconsum-fotovoltaica-de-8-kw-trifasics-amb-excedents\/\" class=\"post-details details-type-link\" aria-label=\"Read more about Instal\u00b7laci\u00f3 d&#8217;autoconsum fotovoltaica de 8 kWp trif\u00e0sics amb excedents\">M\u00e9s informaci\u00f3<i class=\"dt-icon-the7-arrow-03\" aria-hidden=\"true\"><\/i><\/a>\n\n<\/div><\/article><\/div><div class=\"hidden wf-cell category-56 category-54\" data-post-id=\"3322\" data-date=\"2021-05-11T09:51:39+00:00\" data-name=\"Revamping instal\u00b7laci\u00f3 fotovoltaica a coberta industrial\"><article class=\"post project-odd visible post-3322 type-post status-publish format-standard has-post-thumbnail hentry category-direccio-dobres category-projectes tag-installacio-fotovoltaica tag-revamping-ca category-56 category-54\" data-name=\"Revamping instal\u00b7laci\u00f3 fotovoltaica a coberta industrial\" data-date=\"2021-05-11T09:51:39+00:00\">\n\n<div class=\"post-thumbnail-wrap\">\n\t<div class=\"post-thumbnail\">\n\t\t\n\t\t\n\t\t<a href=\"https:\/\/sunontop.com\/ca\/2021\/05\/11\/renovacio-de-la-instal%c2%b7lacio-fotovoltaica-en-coberta-industrial\/\" class=\"post-thumbnail-rollover layzr-bg layzr-bg\" ><img decoding=\"async\" class=\"iso-lazy-load preload-me iso-lazy-load aspect\" src=\"data:image\/svg+xml,%3Csvg%20xmlns%3D&#39;http%3A%2F%2Fwww.w3.org%2F2000%2Fsvg&#39;%20viewBox%3D&#39;0%200%20670%20503&#39;%2F%3E\" data-src=\"https:\/\/sunontop.com\/wp-content\/uploads\/2022\/11\/image001.jpg\" data-srcset=\"https:\/\/sunontop.com\/wp-content\/uploads\/2022\/11\/image001.jpg 670w\" loading=\"eager\" style=\"--ratio: 670 \/ 503\" sizes=\"(max-width: 670px) 100vw, 670px\" alt=\"\" title=\"image001\" width=\"670\" height=\"503\"  \/><span class=\"gallery-zoom-ico icomoon-the7-font-the7-plus-03\"><span><\/span><\/span><\/a>\t<\/div>\n<\/div>\n\n\n<div class=\"post-entry-content\">\n\n\t<h3 class=\"entry-title\">\n\t\t<a href=\"https:\/\/sunontop.com\/ca\/2021\/05\/11\/renovacio-de-la-instal%c2%b7lacio-fotovoltaica-en-coberta-industrial\/\" title=\"Revamping instal\u00b7laci\u00f3 fotovoltaica a coberta industrial\" rel=\"bookmark\">Revamping instal\u00b7laci\u00f3 fotovoltaica a coberta industrial<\/a>\n\t<\/h3>\n\n\t<div class=\"entry-meta\"><span class=\"category-link\"><a href=\"https:\/\/sunontop.com\/ca\/category\/direccio-dobres\/\" >Direcci\u00f3 d'obres<\/a>, <a href=\"https:\/\/sunontop.com\/ca\/category\/projectes\/\" >Projectes<\/a><\/span><a href=\"https:\/\/sunontop.com\/ca\/2021\/05\/11\/\" title=\"09:51\" class=\"data-link\" rel=\"bookmark\"><time class=\"entry-date updated\" datetime=\"2021-05-11T09:51:39+00:00\">11 de maig de 2021<\/time><\/a><\/div>\n\t<div class=\"entry-excerpt\"><p>El passat 2021 vam fer un projecte de revamping d&#8217;una instal\u00b7laci\u00f3 fotovoltaica a la coberta d&#8217;una nau industrial a Granollers, Espanya. La instal\u00b7laci\u00f3 fotovoltaica tenia una capacitat de 50 Kwh i va ser actualitzada i millorada per tal d&#8217;optimitzar-ne el rendiment i l&#8217;efici\u00e8ncia energ\u00e8tica. &nbsp; El client va ser Promocions Immobili\u00e0ries Estap\u00e9, una empresa immobili\u00e0ria&hellip;<\/p>\n<\/div>\n\t\n<a href=\"https:\/\/sunontop.com\/ca\/2021\/05\/11\/renovacio-de-la-instal%c2%b7lacio-fotovoltaica-en-coberta-industrial\/\" class=\"post-details details-type-link\" aria-label=\"Read more about Revamping instal\u00b7laci\u00f3 fotovoltaica a coberta industrial\">M\u00e9s informaci\u00f3<i class=\"dt-icon-the7-arrow-03\" aria-hidden=\"true\"><\/i><\/a>\n\n<\/div><\/article><\/div><\/div><!-- iso-container|iso-grid --><div class=\"paginator\" role=\"navigation\"><\/div><\/div>[\/vc_column][\/vc_row]<\/p>\n<\/div>","protected":false},"excerpt":{"rendered":"<p>[vc_row full_width=&#8221;stretch_row_content_no_spaces&#8221; css=&#8221;.vc_custom_1580210562158{padding-top: 50px !important;padding-right: 30px !important;padding-bottom: 50px !important;padding-left: 30px !important;}&#8221;][vc_column][\/vc_column][\/vc_row]<\/p>\n","protected":false},"author":1,"featured_media":0,"parent":0,"menu_order":25,"comment_status":"closed","ping_status":"closed","template":"","meta":{"footnotes":""},"class_list":["post-3291","page","type-page","status-publish","hentry","description-off"],"yoast_head":"<!-- This site is optimized with the Yoast SEO plugin v27.1.1 - https:\/\/yoast.com\/product\/yoast-seo-wordpress\/ -->\n<title>Not\u00edcies - SunOnTop<\/title>\n<meta name=\"robots\" content=\"index, follow, max-snippet:-1, max-image-preview:large, max-video-preview:-1\" \/>\n<link rel=\"canonical\" href=\"https:\/\/sunontop.com\/ca\/noticies\/\" \/>\n<meta property=\"og:locale\" content=\"ca_ES\" \/>\n<meta property=\"og:type\" content=\"article\" \/>\n<meta property=\"og:title\" content=\"Not\u00edcies - SunOnTop\" \/>\n<meta property=\"og:description\" content=\"[vc_row full_width=&#8221;stretch_row_content_no_spaces&#8221; css=&#8221;.vc_custom_1580210562158{padding-top: 50px !important;padding-right: 30px !important;padding-bottom: 50px !important;padding-left: 30px !important;}&#8221;][vc_column][\/vc_column][\/vc_row]\" \/>\n<meta property=\"og:url\" content=\"https:\/\/sunontop.com\/ca\/noticies\/\" \/>\n<meta property=\"og:site_name\" content=\"SunOnTop\" \/>\n<meta property=\"article:publisher\" content=\"https:\/\/www.facebook.com\/paciglobal\" \/>\n<meta property=\"article:modified_time\" content=\"2023-01-10T12:32:08+00:00\" \/>\n<meta name=\"twitter:card\" content=\"summary_large_image\" \/>\n<meta name=\"twitter:site\" content=\"@PaciGlobal\" \/>\n<meta name=\"twitter:label1\" content=\"Temps estimat de lectura\" \/>\n\t<meta name=\"twitter:data1\" content=\"1 minut\" \/>\n<script type=\"application\/ld+json\" class=\"yoast-schema-graph\">{\"@context\":\"https:\/\/schema.org\",\"@graph\":[{\"@type\":\"WebPage\",\"@id\":\"https:\/\/sunontop.com\/ca\/noticies\/\",\"url\":\"https:\/\/sunontop.com\/ca\/noticies\/\",\"name\":\"Not\u00edcies - SunOnTop\",\"isPartOf\":{\"@id\":\"https:\/\/sunontop.com\/#website\"},\"datePublished\":\"2019-12-12T05:15:11+00:00\",\"dateModified\":\"2023-01-10T12:32:08+00:00\",\"breadcrumb\":{\"@id\":\"https:\/\/sunontop.com\/ca\/noticies\/#breadcrumb\"},\"inLanguage\":\"ca\",\"potentialAction\":[{\"@type\":\"ReadAction\",\"target\":[\"https:\/\/sunontop.com\/ca\/noticies\/\"]}]},{\"@type\":\"BreadcrumbList\",\"@id\":\"https:\/\/sunontop.com\/ca\/noticies\/#breadcrumb\",\"itemListElement\":[{\"@type\":\"ListItem\",\"position\":1,\"name\":\"Portada\",\"item\":\"https:\/\/sunontop.com\/ca\/\"},{\"@type\":\"ListItem\",\"position\":2,\"name\":\"Not\u00edcies\"}]},{\"@type\":\"WebSite\",\"@id\":\"https:\/\/sunontop.com\/#website\",\"url\":\"https:\/\/sunontop.com\/\",\"name\":\"SunOnTop - Energ\u00eda solar fotovoltaica - Cargador veh\u00edculo el\u00e9ctrico\",\"description\":\"Dise\u00f1o e instalaci\u00f3n de plantas solares fotovoltaicas. Cargadores de veh\u00edculos el\u00e9ctricos\",\"publisher\":{\"@id\":\"https:\/\/sunontop.com\/#organization\"},\"alternateName\":\"SunOnTop\",\"potentialAction\":[{\"@type\":\"SearchAction\",\"target\":{\"@type\":\"EntryPoint\",\"urlTemplate\":\"https:\/\/sunontop.com\/?s={search_term_string}\"},\"query-input\":{\"@type\":\"PropertyValueSpecification\",\"valueRequired\":true,\"valueName\":\"search_term_string\"}}],\"inLanguage\":\"ca\"},{\"@type\":\"Organization\",\"@id\":\"https:\/\/sunontop.com\/#organization\",\"name\":\"SunOnTop - Energ\u00eda solar fotovoltaica - Cargador veh\u00edculo el\u00e9ctrico\",\"alternateName\":\"SunOnTop\",\"url\":\"https:\/\/sunontop.com\/\",\"logo\":{\"@type\":\"ImageObject\",\"inLanguage\":\"ca\",\"@id\":\"https:\/\/sunontop.com\/#\/schema\/logo\/image\/\",\"url\":\"https:\/\/sunontop.com\/wp-content\/uploads\/2022\/11\/logo.png\",\"contentUrl\":\"https:\/\/sunontop.com\/wp-content\/uploads\/2022\/11\/logo.png\",\"width\":175,\"height\":82,\"caption\":\"SunOnTop - Energ\u00eda solar fotovoltaica - Cargador veh\u00edculo el\u00e9ctrico\"},\"image\":{\"@id\":\"https:\/\/sunontop.com\/#\/schema\/logo\/image\/\"},\"sameAs\":[\"https:\/\/www.facebook.com\/paciglobal\",\"https:\/\/x.com\/PaciGlobal\",\"https:\/\/www.instagram.com\/paciglobal\/\",\"https:\/\/www.youtube.com\/user\/pacienginyers\",\"https:\/\/www.linkedin.com\/company\/paci-global\/\"]}]}<\/script>\n<!-- \/ Yoast SEO plugin. -->","yoast_head_json":{"title":"Not\u00edcies - SunOnTop","robots":{"index":"index","follow":"follow","max-snippet":"max-snippet:-1","max-image-preview":"max-image-preview:large","max-video-preview":"max-video-preview:-1"},"canonical":"https:\/\/sunontop.com\/ca\/noticies\/","og_locale":"ca_ES","og_type":"article","og_title":"Not\u00edcies - SunOnTop","og_description":"[vc_row full_width=&#8221;stretch_row_content_no_spaces&#8221; css=&#8221;.vc_custom_1580210562158{padding-top: 50px !important;padding-right: 30px !important;padding-bottom: 50px !important;padding-left: 30px !important;}&#8221;][vc_column][\/vc_column][\/vc_row]","og_url":"https:\/\/sunontop.com\/ca\/noticies\/","og_site_name":"SunOnTop","article_publisher":"https:\/\/www.facebook.com\/paciglobal","article_modified_time":"2023-01-10T12:32:08+00:00","twitter_card":"summary_large_image","twitter_site":"@PaciGlobal","twitter_misc":{"Temps estimat de lectura":"1 minut"},"schema":{"@context":"https:\/\/schema.org","@graph":[{"@type":"WebPage","@id":"https:\/\/sunontop.com\/ca\/noticies\/","url":"https:\/\/sunontop.com\/ca\/noticies\/","name":"Not\u00edcies - SunOnTop","isPartOf":{"@id":"https:\/\/sunontop.com\/#website"},"datePublished":"2019-12-12T05:15:11+00:00","dateModified":"2023-01-10T12:32:08+00:00","breadcrumb":{"@id":"https:\/\/sunontop.com\/ca\/noticies\/#breadcrumb"},"inLanguage":"ca","potentialAction":[{"@type":"ReadAction","target":["https:\/\/sunontop.com\/ca\/noticies\/"]}]},{"@type":"BreadcrumbList","@id":"https:\/\/sunontop.com\/ca\/noticies\/#breadcrumb","itemListElement":[{"@type":"ListItem","position":1,"name":"Portada","item":"https:\/\/sunontop.com\/ca\/"},{"@type":"ListItem","position":2,"name":"Not\u00edcies"}]},{"@type":"WebSite","@id":"https:\/\/sunontop.com\/#website","url":"https:\/\/sunontop.com\/","name":"SunOnTop - Energ\u00eda solar fotovoltaica - Cargador veh\u00edculo el\u00e9ctrico","description":"Dise\u00f1o e instalaci\u00f3n de plantas solares fotovoltaicas. Cargadores de veh\u00edculos el\u00e9ctricos","publisher":{"@id":"https:\/\/sunontop.com\/#organization"},"alternateName":"SunOnTop","potentialAction":[{"@type":"SearchAction","target":{"@type":"EntryPoint","urlTemplate":"https:\/\/sunontop.com\/?s={search_term_string}"},"query-input":{"@type":"PropertyValueSpecification","valueRequired":true,"valueName":"search_term_string"}}],"inLanguage":"ca"},{"@type":"Organization","@id":"https:\/\/sunontop.com\/#organization","name":"SunOnTop - Energ\u00eda solar fotovoltaica - Cargador veh\u00edculo el\u00e9ctrico","alternateName":"SunOnTop","url":"https:\/\/sunontop.com\/","logo":{"@type":"ImageObject","inLanguage":"ca","@id":"https:\/\/sunontop.com\/#\/schema\/logo\/image\/","url":"https:\/\/sunontop.com\/wp-content\/uploads\/2022\/11\/logo.png","contentUrl":"https:\/\/sunontop.com\/wp-content\/uploads\/2022\/11\/logo.png","width":175,"height":82,"caption":"SunOnTop - Energ\u00eda solar fotovoltaica - Cargador veh\u00edculo el\u00e9ctrico"},"image":{"@id":"https:\/\/sunontop.com\/#\/schema\/logo\/image\/"},"sameAs":["https:\/\/www.facebook.com\/paciglobal","https:\/\/x.com\/PaciGlobal","https:\/\/www.instagram.com\/paciglobal\/","https:\/\/www.youtube.com\/user\/pacienginyers","https:\/\/www.linkedin.com\/company\/paci-global\/"]}]}},"_links":{"self":[{"href":"https:\/\/sunontop.com\/ca\/wp-json\/wp\/v2\/pages\/3291","targetHints":{"allow":["GET"]}}],"collection":[{"href":"https:\/\/sunontop.com\/ca\/wp-json\/wp\/v2\/pages"}],"about":[{"href":"https:\/\/sunontop.com\/ca\/wp-json\/wp\/v2\/types\/page"}],"author":[{"embeddable":true,"href":"https:\/\/sunontop.com\/ca\/wp-json\/wp\/v2\/users\/1"}],"replies":[{"embeddable":true,"href":"https:\/\/sunontop.com\/ca\/wp-json\/wp\/v2\/comments?post=3291"}],"version-history":[{"count":3,"href":"https:\/\/sunontop.com\/ca\/wp-json\/wp\/v2\/pages\/3291\/revisions"}],"predecessor-version":[{"id":3395,"href":"https:\/\/sunontop.com\/ca\/wp-json\/wp\/v2\/pages\/3291\/revisions\/3395"}],"wp:attachment":[{"href":"https:\/\/sunontop.com\/ca\/wp-json\/wp\/v2\/media?parent=3291"}],"curies":[{"name":"wp","href":"https:\/\/api.w.org\/{rel}","templated":true}]}}